{"id":1520,"date":"2025-03-21T09:26:21","date_gmt":"2025-03-21T09:26:21","guid":{"rendered":"https:\/\/coctelebra.com\/organisation-et-coordination\/"},"modified":"2025-07-14T08:27:15","modified_gmt":"2025-07-14T08:27:15","slug":"organisation-et-coordination","status":"publish","type":"page","link":"https:\/\/coctelebra.com\/fr\/organisation-et-coordination\/","title":{"rendered":"Organisation et coordination"},"content":{"rendered":"\t\t<div data-elementor-type=\"wp-page\" data-elementor-id=\"1520\" class=\"elementor elementor-1520 elementor-300\" data-elementor-post-type=\"page\">\n\t\t\t\t<div class=\"elementor-element elementor-element-40dafed e-flex e-con-boxed e-con e-parent\" data-id=\"40dafed\" data-element_type=\"container\" data-e-type=\"container\">\n\t\t\t\t\t<div class=\"e-con-inner\">\n\t\t\t\t<div class=\"elementor-element elementor-element-56f62fc elementor-widget elementor-widget-heading\" data-id=\"56f62fc\" data-element_type=\"widget\" data-e-type=\"widget\" data-widget_type=\"heading.default\">\n\t\t\t\t<div class=\"elementor-widget-container\">\n\t\t\t\t\t<h1 class=\"elementor-heading-title elementor-size-default\">Organisation et coordination<\/h1>\t\t\t\t<\/div>\n\t\t\t\t<\/div>\n\t\t\t\t\t<\/div>\n\t\t\t\t<\/div>\n\t\t<div class=\"elementor-element elementor-element-891557d e-flex e-con-boxed e-con e-parent\" data-id=\"891557d\" data-element_type=\"container\" data-e-type=\"container\">\n\t\t\t\t\t<div class=\"e-con-inner\">\n\t\t<div class=\"elementor-element elementor-element-1cda5b8 e-con-full e-flex e-con e-child\" data-id=\"1cda5b8\" data-element_type=\"container\" data-e-type=\"container\">\n\t\t\t\t<div class=\"elementor-element elementor-element-d1abea2 elementor-widget elementor-widget-image\" data-id=\"d1abea2\" data-element_type=\"widget\" data-e-type=\"widget\" data-widget_type=\"image.default\">\n\t\t\t\t<div class=\"elementor-widget-container\">\n\t\t\t\t\t\t\t\t\t\t\t\t\t\t\t<img fetchpriority=\"high\" decoding=\"async\" width=\"600\" height=\"600\" src=\"https:\/\/coctelebra.com\/wp-content\/uploads\/2025\/04\/Arco-rustico-para-bodas-al-aire-libre.webp\" class=\"attachment-full size-full wp-image-1304\" alt=\"\" srcset=\"https:\/\/coctelebra.com\/wp-content\/uploads\/2025\/04\/Arco-rustico-para-bodas-al-aire-libre.webp 600w, https:\/\/coctelebra.com\/wp-content\/uploads\/2025\/04\/Arco-rustico-para-bodas-al-aire-libre-300x300.webp 300w, https:\/\/coctelebra.com\/wp-content\/uploads\/2025\/04\/Arco-rustico-para-bodas-al-aire-libre-150x150.webp 150w\" sizes=\"(max-width: 600px) 100vw, 600px\" \/>\t\t\t\t\t\t\t\t\t\t\t\t\t\t\t<\/div>\n\t\t\t\t<\/div>\n\t\t\t\t<\/div>\n\t\t<div class=\"elementor-element elementor-element-3e667d5 e-con-full e-flex e-con e-child\" data-id=\"3e667d5\" data-element_type=\"container\" data-e-type=\"container\">\n\t\t\t\t<div class=\"elementor-element elementor-element-9080464 elementor-widget elementor-widget-image\" data-id=\"9080464\" data-element_type=\"widget\" data-e-type=\"widget\" data-widget_type=\"image.default\">\n\t\t\t\t<div class=\"elementor-widget-container\">\n\t\t\t\t\t\t\t\t\t\t\t\t\t\t\t<img decoding=\"async\" width=\"600\" height=\"600\" src=\"https:\/\/coctelebra.com\/wp-content\/uploads\/2025\/04\/Ceremonia-en-plena-naturaleza.webp\" class=\"attachment-large size-large wp-image-1306\" alt=\"\" srcset=\"https:\/\/coctelebra.com\/wp-content\/uploads\/2025\/04\/Ceremonia-en-plena-naturaleza.webp 600w, https:\/\/coctelebra.com\/wp-content\/uploads\/2025\/04\/Ceremonia-en-plena-naturaleza-300x300.webp 300w, https:\/\/coctelebra.com\/wp-content\/uploads\/2025\/04\/Ceremonia-en-plena-naturaleza-150x150.webp 150w\" sizes=\"(max-width: 600px) 100vw, 600px\" \/>\t\t\t\t\t\t\t\t\t\t\t\t\t\t\t<\/div>\n\t\t\t\t<\/div>\n\t\t\t\t<\/div>\n\t\t<div class=\"elementor-element elementor-element-f273efa e-con-full e-flex e-con e-child\" data-id=\"f273efa\" data-element_type=\"container\" data-e-type=\"container\">\n\t\t\t\t<div class=\"elementor-element elementor-element-abcbc49 elementor-widget elementor-widget-image\" data-id=\"abcbc49\" data-element_type=\"widget\" data-e-type=\"widget\" data-widget_type=\"image.default\">\n\t\t\t\t<div class=\"elementor-widget-container\">\n\t\t\t\t\t\t\t\t\t\t\t\t\t\t\t<img decoding=\"async\" width=\"600\" height=\"600\" src=\"https:\/\/coctelebra.com\/wp-content\/uploads\/2025\/04\/Coctelebra-paisaje-majestuoso-con-vinedo-y-acantilados.webp\" class=\"attachment-large size-large wp-image-1308\" alt=\"\" srcset=\"https:\/\/coctelebra.com\/wp-content\/uploads\/2025\/04\/Coctelebra-paisaje-majestuoso-con-vinedo-y-acantilados.webp 600w, https:\/\/coctelebra.com\/wp-content\/uploads\/2025\/04\/Coctelebra-paisaje-majestuoso-con-vinedo-y-acantilados-300x300.webp 300w, https:\/\/coctelebra.com\/wp-content\/uploads\/2025\/04\/Coctelebra-paisaje-majestuoso-con-vinedo-y-acantilados-150x150.webp 150w\" sizes=\"(max-width: 600px) 100vw, 600px\" \/>\t\t\t\t\t\t\t\t\t\t\t\t\t\t\t<\/div>\n\t\t\t\t<\/div>\n\t\t\t\t<\/div>\n\t\t\t\t\t<\/div>\n\t\t\t\t<\/div>\n\t\t<div class=\"elementor-element elementor-element-4892f81 e-flex e-con-boxed e-con e-parent\" data-id=\"4892f81\" data-element_type=\"container\" data-e-type=\"container\">\n\t\t\t\t\t<div class=\"e-con-inner\">\n\t\t\t\t<div class=\"elementor-element elementor-element-f623567 elementor-widget elementor-widget-text-editor\" data-id=\"f623567\" data-element_type=\"widget\" data-e-type=\"widget\" data-widget_type=\"text-editor.default\">\n\t\t\t\t<div class=\"elementor-widget-container\">\n\t\t\t\t\t\t\t\t\t<p>Profitez des mois qui pr\u00e9c\u00e8dent le grand jour.<\/p>\t\t\t\t\t\t\t\t<\/div>\n\t\t\t\t<\/div>\n\t\t\t\t\t<\/div>\n\t\t\t\t<\/div>\n\t\t<div class=\"elementor-element elementor-element-db7c179 e-flex e-con-boxed e-con e-parent\" data-id=\"db7c179\" data-element_type=\"container\" data-e-type=\"container\">\n\t\t\t\t\t<div class=\"e-con-inner\">\n\t\t<div class=\"elementor-element elementor-element-a67e831 e-con-full e-flex e-con e-child\" data-id=\"a67e831\" data-element_type=\"container\" data-e-type=\"container\">\n\t\t<div class=\"elementor-element elementor-element-093b53f e-con-full e-flex e-con e-child\" data-id=\"093b53f\" data-element_type=\"container\" data-e-type=\"container\">\n\t\t\t\t<div class=\"elementor-element elementor-element-72498bc elementor-widget elementor-widget-text-editor\" data-id=\"72498bc\" data-element_type=\"widget\" data-e-type=\"widget\" data-widget_type=\"text-editor.default\">\n\t\t\t\t<div class=\"elementor-widget-container\">\n\t\t\t\t\t\t\t\t\t<p>La planification, la conception et l\u2019organisation d\u2019un \u00e9v\u00e8nement ou d\u2019une c\u00e9l\u00e9bration peuvent s\u2019av\u00e9rer beaucoup plus stressantes que ce que l\u2019on pourrait imaginer.<br>Il y a des milliers de t\u00e2ches pr\u00e9alables \u00e0 accomplir pour que tout se passe bien. Il s\u2019agit d\u2019un jour important, il n\u2019y a pas de marge d\u2019erreur possible. <br>Pour nous, le mariage commence d\u00e8s le premier appel t\u00e9l\u00e9phonique.<br>Nous pouvons nous occuper de tout d\u00e8s le d\u00e9but.<br>\u2013 Conception du projet :<br>Nous \u00e9tablissons une feuille de route sur laquelle nous allons indiquer de mani\u00e8re ordonn\u00e9e, toutes les t\u00e2ches n\u00e9cessaires \u00e0 la pr\u00e9paration de l\u2019\u00e9v\u00e8nement, en fixant des dates et en \u00e9laborant une planification qui servira de guide.<\/p><p>\u2013 Prise de contact, gestion des fournisseurs et contr\u00f4le budg\u00e9taire.<\/p><p>\u2013 Conseils tout au long du processus de pr\u00e9paration.<br>\u2013 Coordination avant et pendant le jour de l\u2019\u00e9v\u00e8nement, en plus de la gestion de toute la partie \u00e9motionnelle, qui n\u2019est pas des moindres.<br>Il n\u2019est pas facile de se d\u00e9tendre et de profiter des mois qui pr\u00e9c\u00e8dent un jour important. Pour nous, il est fondamental que vous puissiez le faire.<\/p>\t\t\t\t\t\t\t\t<\/div>\n\t\t\t\t<\/div>\n\t\t\t\t<\/div>\n\t\t\t\t<\/div>\n\t\t<div class=\"elementor-element elementor-element-12b9b8d e-con-full e-flex e-con e-child\" data-id=\"12b9b8d\" data-element_type=\"container\" data-e-type=\"container\">\n\t\t<div class=\"elementor-element elementor-element-64a27ba e-con-full e-flex e-con e-child\" data-id=\"64a27ba\" data-element_type=\"container\" data-e-type=\"container\">\n\t\t\t\t<div class=\"elementor-element elementor-element-246337a elementor-widget elementor-widget-image\" data-id=\"246337a\" data-element_type=\"widget\" data-e-type=\"widget\" data-widget_type=\"image.default\">\n\t\t\t\t<div class=\"elementor-widget-container\">\n\t\t\t\t\t\t\t\t\t\t\t\t\t\t\t<img loading=\"lazy\" decoding=\"async\" width=\"800\" height=\"534\" src=\"https:\/\/coctelebra.com\/wp-content\/uploads\/2025\/03\/coctelebra-organizacion-2-1024x683.webp\" class=\"attachment-large size-large wp-image-1139\" alt=\"\" srcset=\"https:\/\/coctelebra.com\/wp-content\/uploads\/2025\/03\/coctelebra-organizacion-2-1024x683.webp 1024w, https:\/\/coctelebra.com\/wp-content\/uploads\/2025\/03\/coctelebra-organizacion-2-300x200.webp 300w, https:\/\/coctelebra.com\/wp-content\/uploads\/2025\/03\/coctelebra-organizacion-2-768x512.webp 768w, https:\/\/coctelebra.com\/wp-content\/uploads\/2025\/03\/coctelebra-organizacion-2.webp 1200w\" sizes=\"(max-width: 800px) 100vw, 800px\" \/>\t\t\t\t\t\t\t\t\t\t\t\t\t\t\t<\/div>\n\t\t\t\t<\/div>\n\t\t\t\t<\/div>\n\t\t<div class=\"elementor-element elementor-element-ee38a53 e-con-full e-flex e-con e-child\" data-id=\"ee38a53\" data-element_type=\"container\" data-e-type=\"container\">\n\t\t\t\t<div class=\"elementor-element elementor-element-b2c7a35 elementor-widget elementor-widget-image\" data-id=\"b2c7a35\" data-element_type=\"widget\" data-e-type=\"widget\" data-widget_type=\"image.default\">\n\t\t\t\t<div class=\"elementor-widget-container\">\n\t\t\t\t\t\t\t\t\t\t\t\t\t\t\t<img loading=\"lazy\" decoding=\"async\" width=\"800\" height=\"534\" src=\"https:\/\/coctelebra.com\/wp-content\/uploads\/2025\/03\/coctelebra-organizacion-3-1024x683.webp\" class=\"attachment-large size-large wp-image-1141\" alt=\"\" srcset=\"https:\/\/coctelebra.com\/wp-content\/uploads\/2025\/03\/coctelebra-organizacion-3-1024x683.webp 1024w, https:\/\/coctelebra.com\/wp-content\/uploads\/2025\/03\/coctelebra-organizacion-3-300x200.webp 300w, https:\/\/coctelebra.com\/wp-content\/uploads\/2025\/03\/coctelebra-organizacion-3-768x512.webp 768w, https:\/\/coctelebra.com\/wp-content\/uploads\/2025\/03\/coctelebra-organizacion-3.webp 1200w\" sizes=\"(max-width: 800px) 100vw, 800px\" \/>\t\t\t\t\t\t\t\t\t\t\t\t\t\t\t<\/div>\n\t\t\t\t<\/div>\n\t\t\t\t<\/div>\n\t\t\t\t<\/div>\n\t\t\t\t\t<\/div>\n\t\t\t\t<\/div>\n\t\t<div class=\"elementor-element elementor-element-49b4718 e-flex e-con-boxed e-con e-parent\" data-id=\"49b4718\" data-element_type=\"container\" data-e-type=\"container\">\n\t\t\t\t\t<div class=\"e-con-inner\">\n\t\t\t\t<div class=\"elementor-element elementor-element-5802bf8 elementor-widget elementor-widget-text-editor\" data-id=\"5802bf8\" data-element_type=\"widget\" data-e-type=\"widget\" data-widget_type=\"text-editor.default\">\n\t\t\t\t<div class=\"elementor-widget-container\">\n\t\t\t\t\t\t\t\t\t<p>Nous avons h\u00e2te de vous rencontrer !<\/p>\t\t\t\t\t\t\t\t<\/div>\n\t\t\t\t<\/div>\n\t\t\t\t\t<\/div>\n\t\t\t\t<\/div>\n\t\t<div class=\"elementor-element elementor-element-32506b7 e-flex e-con-boxed e-con e-parent\" data-id=\"32506b7\" data-element_type=\"container\" data-e-type=\"container\">\n\t\t\t\t\t<div class=\"e-con-inner\">\n\t\t<div class=\"elementor-element elementor-element-718c0a3 e-con-full e-flex e-con e-child\" data-id=\"718c0a3\" data-element_type=\"container\" data-e-type=\"container\">\n\t\t\t\t<div class=\"elementor-element elementor-element-5343c0b elementor-widget elementor-widget-image\" data-id=\"5343c0b\" data-element_type=\"widget\" data-e-type=\"widget\" data-widget_type=\"image.default\">\n\t\t\t\t<div class=\"elementor-widget-container\">\n\t\t\t\t\t\t\t\t\t\t\t\t\t\t\t<img loading=\"lazy\" decoding=\"async\" width=\"600\" height=\"600\" src=\"https:\/\/coctelebra.com\/wp-content\/uploads\/2025\/04\/ramo-especial-para-celebraciones.webp\" class=\"attachment-large size-large wp-image-1310\" alt=\"\" srcset=\"https:\/\/coctelebra.com\/wp-content\/uploads\/2025\/04\/ramo-especial-para-celebraciones.webp 600w, https:\/\/coctelebra.com\/wp-content\/uploads\/2025\/04\/ramo-especial-para-celebraciones-300x300.webp 300w, https:\/\/coctelebra.com\/wp-content\/uploads\/2025\/04\/ramo-especial-para-celebraciones-150x150.webp 150w\" sizes=\"(max-width: 600px) 100vw, 600px\" \/>\t\t\t\t\t\t\t\t\t\t\t\t\t\t\t<\/div>\n\t\t\t\t<\/div>\n\t\t\t\t<\/div>\n\t\t<div class=\"elementor-element elementor-element-6661f04 e-con-full e-flex e-con e-child\" data-id=\"6661f04\" data-element_type=\"container\" data-e-type=\"container\">\n\t\t\t\t<div class=\"elementor-element elementor-element-dde3d0d elementor-widget elementor-widget-image\" data-id=\"dde3d0d\" data-element_type=\"widget\" data-e-type=\"widget\" data-widget_type=\"image.default\">\n\t\t\t\t<div class=\"elementor-widget-container\">\n\t\t\t\t\t\t\t\t\t\t\t\t\t\t\t<img loading=\"lazy\" decoding=\"async\" width=\"600\" height=\"600\" src=\"https:\/\/coctelebra.com\/wp-content\/uploads\/2025\/04\/joyas-elegantes-para-ocasiones-especiales.webp\" class=\"attachment-large size-large wp-image-1312\" alt=\"\" srcset=\"https:\/\/coctelebra.com\/wp-content\/uploads\/2025\/04\/joyas-elegantes-para-ocasiones-especiales.webp 600w, https:\/\/coctelebra.com\/wp-content\/uploads\/2025\/04\/joyas-elegantes-para-ocasiones-especiales-300x300.webp 300w, https:\/\/coctelebra.com\/wp-content\/uploads\/2025\/04\/joyas-elegantes-para-ocasiones-especiales-150x150.webp 150w\" sizes=\"(max-width: 600px) 100vw, 600px\" \/>\t\t\t\t\t\t\t\t\t\t\t\t\t\t\t<\/div>\n\t\t\t\t<\/div>\n\t\t\t\t<\/div>\n\t\t<div class=\"elementor-element elementor-element-2444706 e-con-full e-flex e-con e-child\" data-id=\"2444706\" data-element_type=\"container\" data-e-type=\"container\">\n\t\t\t\t<div class=\"elementor-element elementor-element-d220059 elementor-widget elementor-widget-image\" data-id=\"d220059\" data-element_type=\"widget\" data-e-type=\"widget\" data-widget_type=\"image.default\">\n\t\t\t\t<div class=\"elementor-widget-container\">\n\t\t\t\t\t\t\t\t\t\t\t\t\t\t\t<img loading=\"lazy\" decoding=\"async\" width=\"600\" height=\"600\" src=\"https:\/\/coctelebra.com\/wp-content\/uploads\/2025\/03\/coctelebra-organizacion-6.webp\" class=\"attachment-large size-large wp-image-1147\" alt=\"\" srcset=\"https:\/\/coctelebra.com\/wp-content\/uploads\/2025\/03\/coctelebra-organizacion-6.webp 600w, https:\/\/coctelebra.com\/wp-content\/uploads\/2025\/03\/coctelebra-organizacion-6-300x300.webp 300w, https:\/\/coctelebra.com\/wp-content\/uploads\/2025\/03\/coctelebra-organizacion-6-150x150.webp 150w\" sizes=\"(max-width: 600px) 100vw, 600px\" \/>\t\t\t\t\t\t\t\t\t\t\t\t\t\t\t<\/div>\n\t\t\t\t<\/div>\n\t\t\t\t<\/div>\n\t\t\t\t\t<\/div>\n\t\t\t\t<\/div>\n\t\t\t\t<\/div>\n\t\t","protected":false},"excerpt":{"rendered":"<p>Organisation et coordination Profitez des mois qui pr\u00e9c\u00e8dent le grand jour. La planification, la conception et l\u2019organisation d\u2019un \u00e9v\u00e8nement ou d\u2019une c\u00e9l\u00e9bration peuvent s\u2019av\u00e9rer beaucoup plus stressantes que ce que l\u2019on pourrait imaginer.Il y a des milliers de t\u00e2ches pr\u00e9alables \u00e0 accomplir pour que tout se passe bien. Il s\u2019agit d\u2019un jour important, il n\u2019y [&hellip;]<\/p>\n","protected":false},"author":2,"featured_media":0,"parent":0,"menu_order":0,"comment_status":"closed","ping_status":"closed","template":"","meta":{"footnotes":""},"class_list":["post-1520","page","type-page","status-publish","hentry"],"yoast_head":"<!-- This site is optimized with the Yoast SEO plugin v27.2 - https:\/\/yoast.com\/product\/yoast-seo-wordpress\/ -->\n<title>Organisation et coordination - Coctelebra Catering Menorca<\/title>\n<meta name=\"robots\" content=\"index, follow, max-snippet:-1, max-image-preview:large, max-video-preview:-1\" \/>\n<link rel=\"canonical\" href=\"https:\/\/coctelebra.com\/fr\/organisation-et-coordination\/\" \/>\n<meta property=\"og:locale\" content=\"fr_FR\" \/>\n<meta property=\"og:type\" content=\"article\" \/>\n<meta property=\"og:title\" content=\"Organisation et coordination - Coctelebra Catering Menorca\" \/>\n<meta property=\"og:description\" content=\"Organisation et coordination Profitez des mois qui pr\u00e9c\u00e8dent le grand jour. La planification, la conception et l\u2019organisation d\u2019un \u00e9v\u00e8nement ou d\u2019une c\u00e9l\u00e9bration peuvent s\u2019av\u00e9rer beaucoup plus stressantes que ce que l\u2019on pourrait imaginer.Il y a des milliers de t\u00e2ches pr\u00e9alables \u00e0 accomplir pour que tout se passe bien. Il s\u2019agit d\u2019un jour important, il n\u2019y [&hellip;]\" \/>\n<meta property=\"og:url\" content=\"https:\/\/coctelebra.com\/fr\/organisation-et-coordination\/\" \/>\n<meta property=\"og:site_name\" content=\"Coctelebra Catering Menorca\" \/>\n<meta property=\"article:modified_time\" content=\"2025-07-14T08:27:15+00:00\" \/>\n<meta property=\"og:image\" content=\"https:\/\/coctelebra.com\/wp-content\/uploads\/2025\/04\/Arco-rustico-para-bodas-al-aire-libre.webp\" \/>\n\t<meta property=\"og:image:width\" content=\"600\" \/>\n\t<meta property=\"og:image:height\" content=\"600\" \/>\n\t<meta property=\"og:image:type\" content=\"image\/webp\" \/>\n<meta name=\"twitter:card\" content=\"summary_large_image\" \/>\n<meta name=\"twitter:label1\" content=\"Dur\u00e9e de lecture estim\u00e9e\" \/>\n\t<meta name=\"twitter:data1\" content=\"1 minute\" \/>\n<script type=\"application\/ld+json\" class=\"yoast-schema-graph\">{\"@context\":\"https:\/\/schema.org\",\"@graph\":[{\"@type\":\"WebPage\",\"@id\":\"https:\/\/coctelebra.com\/fr\/organisation-et-coordination\/\",\"url\":\"https:\/\/coctelebra.com\/fr\/organisation-et-coordination\/\",\"name\":\"Organisation et coordination - Coctelebra Catering Menorca\",\"isPartOf\":{\"@id\":\"https:\/\/coctelebra.com\/fr\/#website\"},\"primaryImageOfPage\":{\"@id\":\"https:\/\/coctelebra.com\/fr\/organisation-et-coordination\/#primaryimage\"},\"image\":{\"@id\":\"https:\/\/coctelebra.com\/fr\/organisation-et-coordination\/#primaryimage\"},\"thumbnailUrl\":\"https:\/\/coctelebra.com\/wp-content\/uploads\/2025\/04\/Arco-rustico-para-bodas-al-aire-libre.webp\",\"datePublished\":\"2025-03-21T09:26:21+00:00\",\"dateModified\":\"2025-07-14T08:27:15+00:00\",\"breadcrumb\":{\"@id\":\"https:\/\/coctelebra.com\/fr\/organisation-et-coordination\/#breadcrumb\"},\"inLanguage\":\"fr-FR\",\"potentialAction\":[{\"@type\":\"ReadAction\",\"target\":[\"https:\/\/coctelebra.com\/fr\/organisation-et-coordination\/\"]}]},{\"@type\":\"ImageObject\",\"inLanguage\":\"fr-FR\",\"@id\":\"https:\/\/coctelebra.com\/fr\/organisation-et-coordination\/#primaryimage\",\"url\":\"https:\/\/coctelebra.com\/wp-content\/uploads\/2025\/04\/Arco-rustico-para-bodas-al-aire-libre.webp\",\"contentUrl\":\"https:\/\/coctelebra.com\/wp-content\/uploads\/2025\/04\/Arco-rustico-para-bodas-al-aire-libre.webp\"},{\"@type\":\"BreadcrumbList\",\"@id\":\"https:\/\/coctelebra.com\/fr\/organisation-et-coordination\/#breadcrumb\",\"itemListElement\":[{\"@type\":\"ListItem\",\"position\":1,\"name\":\"Home\",\"item\":\"https:\/\/coctelebra.com\/fr\/\"},{\"@type\":\"ListItem\",\"position\":2,\"name\":\"Organisation et coordination\"}]},{\"@type\":\"WebSite\",\"@id\":\"https:\/\/coctelebra.com\/fr\/#website\",\"url\":\"https:\/\/coctelebra.com\/fr\/\",\"name\":\"Coctelebra Catering Menorca\",\"description\":\"Catering para Bodas y Eventos en Menorca\",\"publisher\":{\"@id\":\"https:\/\/coctelebra.com\/fr\/#organization\"},\"potentialAction\":[{\"@type\":\"SearchAction\",\"target\":{\"@type\":\"EntryPoint\",\"urlTemplate\":\"https:\/\/coctelebra.com\/fr\/?s={search_term_string}\"},\"query-input\":{\"@type\":\"PropertyValueSpecification\",\"valueRequired\":true,\"valueName\":\"search_term_string\"}}],\"inLanguage\":\"fr-FR\"},{\"@type\":\"Organization\",\"@id\":\"https:\/\/coctelebra.com\/fr\/#organization\",\"name\":\"Coctelebra Catering Menorca\",\"url\":\"https:\/\/coctelebra.com\/fr\/\",\"logo\":{\"@type\":\"ImageObject\",\"inLanguage\":\"fr-FR\",\"@id\":\"https:\/\/coctelebra.com\/fr\/#\/schema\/logo\/image\/\",\"url\":\"https:\/\/coctelebra.com\/wp-content\/uploads\/2025\/03\/logo-coctelebra.jpg\",\"contentUrl\":\"https:\/\/coctelebra.com\/wp-content\/uploads\/2025\/03\/logo-coctelebra.jpg\",\"width\":1001,\"height\":314,\"caption\":\"Coctelebra Catering Menorca\"},\"image\":{\"@id\":\"https:\/\/coctelebra.com\/fr\/#\/schema\/logo\/image\/\"}}]}<\/script>\n<!-- \/ Yoast SEO plugin. -->","yoast_head_json":{"title":"Organisation et coordination - Coctelebra Catering Menorca","robots":{"index":"index","follow":"follow","max-snippet":"max-snippet:-1","max-image-preview":"max-image-preview:large","max-video-preview":"max-video-preview:-1"},"canonical":"https:\/\/coctelebra.com\/fr\/organisation-et-coordination\/","og_locale":"fr_FR","og_type":"article","og_title":"Organisation et coordination - Coctelebra Catering Menorca","og_description":"Organisation et coordination Profitez des mois qui pr\u00e9c\u00e8dent le grand jour. La planification, la conception et l\u2019organisation d\u2019un \u00e9v\u00e8nement ou d\u2019une c\u00e9l\u00e9bration peuvent s\u2019av\u00e9rer beaucoup plus stressantes que ce que l\u2019on pourrait imaginer.Il y a des milliers de t\u00e2ches pr\u00e9alables \u00e0 accomplir pour que tout se passe bien. Il s\u2019agit d\u2019un jour important, il n\u2019y [&hellip;]","og_url":"https:\/\/coctelebra.com\/fr\/organisation-et-coordination\/","og_site_name":"Coctelebra Catering Menorca","article_modified_time":"2025-07-14T08:27:15+00:00","og_image":[{"width":600,"height":600,"url":"https:\/\/coctelebra.com\/wp-content\/uploads\/2025\/04\/Arco-rustico-para-bodas-al-aire-libre.webp","type":"image\/webp"}],"twitter_card":"summary_large_image","twitter_misc":{"Dur\u00e9e de lecture estim\u00e9e":"1 minute"},"schema":{"@context":"https:\/\/schema.org","@graph":[{"@type":"WebPage","@id":"https:\/\/coctelebra.com\/fr\/organisation-et-coordination\/","url":"https:\/\/coctelebra.com\/fr\/organisation-et-coordination\/","name":"Organisation et coordination - Coctelebra Catering Menorca","isPartOf":{"@id":"https:\/\/coctelebra.com\/fr\/#website"},"primaryImageOfPage":{"@id":"https:\/\/coctelebra.com\/fr\/organisation-et-coordination\/#primaryimage"},"image":{"@id":"https:\/\/coctelebra.com\/fr\/organisation-et-coordination\/#primaryimage"},"thumbnailUrl":"https:\/\/coctelebra.com\/wp-content\/uploads\/2025\/04\/Arco-rustico-para-bodas-al-aire-libre.webp","datePublished":"2025-03-21T09:26:21+00:00","dateModified":"2025-07-14T08:27:15+00:00","breadcrumb":{"@id":"https:\/\/coctelebra.com\/fr\/organisation-et-coordination\/#breadcrumb"},"inLanguage":"fr-FR","potentialAction":[{"@type":"ReadAction","target":["https:\/\/coctelebra.com\/fr\/organisation-et-coordination\/"]}]},{"@type":"ImageObject","inLanguage":"fr-FR","@id":"https:\/\/coctelebra.com\/fr\/organisation-et-coordination\/#primaryimage","url":"https:\/\/coctelebra.com\/wp-content\/uploads\/2025\/04\/Arco-rustico-para-bodas-al-aire-libre.webp","contentUrl":"https:\/\/coctelebra.com\/wp-content\/uploads\/2025\/04\/Arco-rustico-para-bodas-al-aire-libre.webp"},{"@type":"BreadcrumbList","@id":"https:\/\/coctelebra.com\/fr\/organisation-et-coordination\/#breadcrumb","itemListElement":[{"@type":"ListItem","position":1,"name":"Home","item":"https:\/\/coctelebra.com\/fr\/"},{"@type":"ListItem","position":2,"name":"Organisation et coordination"}]},{"@type":"WebSite","@id":"https:\/\/coctelebra.com\/fr\/#website","url":"https:\/\/coctelebra.com\/fr\/","name":"Coctelebra Catering Menorca","description":"Catering para Bodas y Eventos en Menorca","publisher":{"@id":"https:\/\/coctelebra.com\/fr\/#organization"},"potentialAction":[{"@type":"SearchAction","target":{"@type":"EntryPoint","urlTemplate":"https:\/\/coctelebra.com\/fr\/?s={search_term_string}"},"query-input":{"@type":"PropertyValueSpecification","valueRequired":true,"valueName":"search_term_string"}}],"inLanguage":"fr-FR"},{"@type":"Organization","@id":"https:\/\/coctelebra.com\/fr\/#organization","name":"Coctelebra Catering Menorca","url":"https:\/\/coctelebra.com\/fr\/","logo":{"@type":"ImageObject","inLanguage":"fr-FR","@id":"https:\/\/coctelebra.com\/fr\/#\/schema\/logo\/image\/","url":"https:\/\/coctelebra.com\/wp-content\/uploads\/2025\/03\/logo-coctelebra.jpg","contentUrl":"https:\/\/coctelebra.com\/wp-content\/uploads\/2025\/03\/logo-coctelebra.jpg","width":1001,"height":314,"caption":"Coctelebra Catering Menorca"},"image":{"@id":"https:\/\/coctelebra.com\/fr\/#\/schema\/logo\/image\/"}}]}},"_links":{"self":[{"href":"https:\/\/coctelebra.com\/fr\/wp-json\/wp\/v2\/pages\/1520","targetHints":{"allow":["GET"]}}],"collection":[{"href":"https:\/\/coctelebra.com\/fr\/wp-json\/wp\/v2\/pages"}],"about":[{"href":"https:\/\/coctelebra.com\/fr\/wp-json\/wp\/v2\/types\/page"}],"author":[{"embeddable":true,"href":"https:\/\/coctelebra.com\/fr\/wp-json\/wp\/v2\/users\/2"}],"replies":[{"embeddable":true,"href":"https:\/\/coctelebra.com\/fr\/wp-json\/wp\/v2\/comments?post=1520"}],"version-history":[{"count":5,"href":"https:\/\/coctelebra.com\/fr\/wp-json\/wp\/v2\/pages\/1520\/revisions"}],"predecessor-version":[{"id":2134,"href":"https:\/\/coctelebra.com\/fr\/wp-json\/wp\/v2\/pages\/1520\/revisions\/2134"}],"wp:attachment":[{"href":"https:\/\/coctelebra.com\/fr\/wp-json\/wp\/v2\/media?parent=1520"}],"curies":[{"name":"wp","href":"https:\/\/api.w.org\/{rel}","templated":true}]}}