{"id":1516,"date":"2025-03-21T08:50:31","date_gmt":"2025-03-21T08:50:31","guid":{"rendered":"https:\/\/coctelebra.com\/evenements-et-celebrations\/"},"modified":"2025-07-14T08:26:35","modified_gmt":"2025-07-14T08:26:35","slug":"evenements-et-celebrations","status":"publish","type":"page","link":"https:\/\/coctelebra.com\/fr\/evenements-et-celebrations\/","title":{"rendered":"\u00c9v\u00e8nements et c\u00e9l\u00e9brations"},"content":{"rendered":"\t\t<div data-elementor-type=\"wp-page\" data-elementor-id=\"1516\" class=\"elementor elementor-1516 elementor-254\" data-elementor-post-type=\"page\">\n\t\t\t\t<div class=\"elementor-element elementor-element-d3ad300 e-flex e-con-boxed e-con e-parent\" data-id=\"d3ad300\" data-element_type=\"container\" data-e-type=\"container\">\n\t\t\t\t\t<div class=\"e-con-inner\">\n\t\t\t\t<div class=\"elementor-element elementor-element-c27ab4c elementor-widget elementor-widget-heading\" data-id=\"c27ab4c\" data-element_type=\"widget\" data-e-type=\"widget\" data-widget_type=\"heading.default\">\n\t\t\t\t<div class=\"elementor-widget-container\">\n\t\t\t\t\t<h1 class=\"elementor-heading-title elementor-size-default\">\u00c9v\u00e8nements et c\u00e9l\u00e9brations<\/h1>\t\t\t\t<\/div>\n\t\t\t\t<\/div>\n\t\t\t\t\t<\/div>\n\t\t\t\t<\/div>\n\t\t<div class=\"elementor-element elementor-element-b9e7f01 e-flex e-con-boxed e-con e-parent\" data-id=\"b9e7f01\" data-element_type=\"container\" data-e-type=\"container\">\n\t\t\t\t\t<div class=\"e-con-inner\">\n\t\t<div class=\"elementor-element elementor-element-07ac42f e-con-full e-flex e-con e-child\" data-id=\"07ac42f\" data-element_type=\"container\" data-e-type=\"container\">\n\t\t\t\t<div class=\"elementor-element elementor-element-c031d5b elementor-widget elementor-widget-image\" data-id=\"c031d5b\" data-element_type=\"widget\" data-e-type=\"widget\" data-widget_type=\"image.default\">\n\t\t\t\t<div class=\"elementor-widget-container\">\n\t\t\t\t\t\t\t\t\t\t\t\t\t\t\t<img fetchpriority=\"high\" decoding=\"async\" width=\"600\" height=\"600\" src=\"https:\/\/coctelebra.com\/wp-content\/uploads\/2025\/04\/eventos-y-celebraciones.webp\" class=\"attachment-large size-large wp-image-1292\" alt=\"\" srcset=\"https:\/\/coctelebra.com\/wp-content\/uploads\/2025\/04\/eventos-y-celebraciones.webp 600w, https:\/\/coctelebra.com\/wp-content\/uploads\/2025\/04\/eventos-y-celebraciones-300x300.webp 300w, https:\/\/coctelebra.com\/wp-content\/uploads\/2025\/04\/eventos-y-celebraciones-150x150.webp 150w\" sizes=\"(max-width: 600px) 100vw, 600px\" \/>\t\t\t\t\t\t\t\t\t\t\t\t\t\t\t<\/div>\n\t\t\t\t<\/div>\n\t\t\t\t<\/div>\n\t\t<div class=\"elementor-element elementor-element-8d97d66 e-con-full e-flex e-con e-child\" data-id=\"8d97d66\" data-element_type=\"container\" data-e-type=\"container\">\n\t\t\t\t<div class=\"elementor-element elementor-element-bb83de5 elementor-widget elementor-widget-image\" data-id=\"bb83de5\" data-element_type=\"widget\" data-e-type=\"widget\" data-widget_type=\"image.default\">\n\t\t\t\t<div class=\"elementor-widget-container\">\n\t\t\t\t\t\t\t\t\t\t\t\t\t\t\t<img decoding=\"async\" width=\"600\" height=\"600\" src=\"https:\/\/coctelebra.com\/wp-content\/uploads\/2025\/04\/eventos-y-celebraciones-2.webp\" class=\"attachment-large size-large wp-image-1294\" alt=\"\" srcset=\"https:\/\/coctelebra.com\/wp-content\/uploads\/2025\/04\/eventos-y-celebraciones-2.webp 600w, https:\/\/coctelebra.com\/wp-content\/uploads\/2025\/04\/eventos-y-celebraciones-2-300x300.webp 300w, https:\/\/coctelebra.com\/wp-content\/uploads\/2025\/04\/eventos-y-celebraciones-2-150x150.webp 150w\" sizes=\"(max-width: 600px) 100vw, 600px\" \/>\t\t\t\t\t\t\t\t\t\t\t\t\t\t\t<\/div>\n\t\t\t\t<\/div>\n\t\t\t\t<\/div>\n\t\t<div class=\"elementor-element elementor-element-22cec35 e-con-full e-flex e-con e-child\" data-id=\"22cec35\" data-element_type=\"container\" data-e-type=\"container\">\n\t\t\t\t<div class=\"elementor-element elementor-element-bdac021 elementor-widget elementor-widget-image\" data-id=\"bdac021\" data-element_type=\"widget\" data-e-type=\"widget\" data-widget_type=\"image.default\">\n\t\t\t\t<div class=\"elementor-widget-container\">\n\t\t\t\t\t\t\t\t\t\t\t\t\t\t\t<img decoding=\"async\" width=\"600\" height=\"600\" src=\"https:\/\/coctelebra.com\/wp-content\/uploads\/2025\/04\/eventos-y-celebraciones-3.webp\" class=\"attachment-large size-large wp-image-1296\" alt=\"\" srcset=\"https:\/\/coctelebra.com\/wp-content\/uploads\/2025\/04\/eventos-y-celebraciones-3.webp 600w, https:\/\/coctelebra.com\/wp-content\/uploads\/2025\/04\/eventos-y-celebraciones-3-300x300.webp 300w, https:\/\/coctelebra.com\/wp-content\/uploads\/2025\/04\/eventos-y-celebraciones-3-150x150.webp 150w\" sizes=\"(max-width: 600px) 100vw, 600px\" \/>\t\t\t\t\t\t\t\t\t\t\t\t\t\t\t<\/div>\n\t\t\t\t<\/div>\n\t\t\t\t<\/div>\n\t\t\t\t\t<\/div>\n\t\t\t\t<\/div>\n\t\t<div class=\"elementor-element elementor-element-6b2303d e-flex e-con-boxed e-con e-parent\" data-id=\"6b2303d\" data-element_type=\"container\" data-e-type=\"container\">\n\t\t\t\t\t<div class=\"e-con-inner\">\n\t\t\t\t<div class=\"elementor-element elementor-element-022916a elementor-widget elementor-widget-text-editor\" data-id=\"022916a\" data-element_type=\"widget\" data-e-type=\"widget\" data-widget_type=\"text-editor.default\">\n\t\t\t\t<div class=\"elementor-widget-container\">\n\t\t\t\t\t\t\t\t\t<p>Vous souhaitez organiser un \u00e9v\u00e8nement avec nous ?<\/p>\t\t\t\t\t\t\t\t<\/div>\n\t\t\t\t<\/div>\n\t\t\t\t\t<\/div>\n\t\t\t\t<\/div>\n\t\t<div class=\"elementor-element elementor-element-1badeda e-flex e-con-boxed e-con e-parent\" data-id=\"1badeda\" data-element_type=\"container\" data-e-type=\"container\">\n\t\t\t\t\t<div class=\"e-con-inner\">\n\t\t<div class=\"elementor-element elementor-element-f00c470 e-con-full e-flex e-con e-child\" data-id=\"f00c470\" data-element_type=\"container\" data-e-type=\"container\" data-settings=\"{&quot;background_background&quot;:&quot;classic&quot;}\">\n\t\t\t\t<div class=\"elementor-element elementor-element-c20bb21 elementor-widget elementor-widget-text-editor\" data-id=\"c20bb21\" data-element_type=\"widget\" data-e-type=\"widget\" data-widget_type=\"text-editor.default\">\n\t\t\t\t<div class=\"elementor-widget-container\">\n\t\t\t\t\t\t\t\t\t<p>Vous avez tr\u00e8s certainement entendu cette expression plus d\u2019une fois : \u00ab carpe diem \u00bb.<br>Je crois que ce qui nous caract\u00e9rise le plus est notre intention de profiter du moment pr\u00e9sent, de savourer chaque instant, de ne manquer aucune opportunit\u00e9.<br>C\u2019est pourquoi nous mettons un point d\u2019honneur \u00e0 donner l\u2019importance que m\u00e9rite tout type d\u2019\u00e9v\u00e8nement ou de c\u00e9l\u00e9bration. Rien n\u2019est laiss\u00e9 au hasard. Tout doit \u00eatre c\u00e9l\u00e9br\u00e9 !<\/p><p>Un anniversaire, des festivit\u00e9s pr\u00e9nuptiales, une r\u00e9ception post-mariage, un brunch du dimanche\u2026 L\u2019arriv\u00e9e de la trentaine !<br>Toutes les raisons sont bonnes pour exalter les sens et vivre une exp\u00e9rience inoubliable.<br>Nous adaptons autant que possible notre gastronomie \u00e0 vos besoins et cr\u00e9ons l\u2019espace et l\u2019atmosph\u00e8re r\u00eav\u00e9s pour obtenir un r\u00e9sultat exceptionnel.<\/p><p>Vous souhaitez organiser votre \u00e9v\u00e8nement avec nous ?<br>Nous sommes impatients d\u2019en savoir plus !<\/p>\t\t\t\t\t\t\t\t<\/div>\n\t\t\t\t<\/div>\n\t\t\t\t<\/div>\n\t\t<div class=\"elementor-element elementor-element-cdecfc4 e-con-full e-flex e-con e-child\" data-id=\"cdecfc4\" data-element_type=\"container\" data-e-type=\"container\">\n\t\t\t\t<div class=\"elementor-element elementor-element-fc2fbc0 elementor-widget elementor-widget-image\" data-id=\"fc2fbc0\" data-element_type=\"widget\" data-e-type=\"widget\" data-widget_type=\"image.default\">\n\t\t\t\t<div class=\"elementor-widget-container\">\n\t\t\t\t\t\t\t\t\t\t\t\t\t\t\t<img loading=\"lazy\" decoding=\"async\" width=\"644\" height=\"584\" src=\"https:\/\/coctelebra.com\/wp-content\/uploads\/2025\/03\/Eventos-y-celebraciones.webp\" class=\"attachment-large size-large wp-image-1193\" alt=\"\" srcset=\"https:\/\/coctelebra.com\/wp-content\/uploads\/2025\/03\/Eventos-y-celebraciones.webp 644w, https:\/\/coctelebra.com\/wp-content\/uploads\/2025\/03\/Eventos-y-celebraciones-300x272.webp 300w\" sizes=\"(max-width: 644px) 100vw, 644px\" \/>\t\t\t\t\t\t\t\t\t\t\t\t\t\t\t<\/div>\n\t\t\t\t<\/div>\n\t\t\t\t<\/div>\n\t\t\t\t\t<\/div>\n\t\t\t\t<\/div>\n\t\t<div class=\"elementor-element elementor-element-f266ab9 e-flex e-con-boxed e-con e-parent\" data-id=\"f266ab9\" data-element_type=\"container\" data-e-type=\"container\">\n\t\t\t\t\t<div class=\"e-con-inner\">\n\t\t\t\t<div class=\"elementor-element elementor-element-5a5e642 elementor-widget elementor-widget-text-editor\" data-id=\"5a5e642\" data-element_type=\"widget\" data-e-type=\"widget\" data-widget_type=\"text-editor.default\">\n\t\t\t\t<div class=\"elementor-widget-container\">\n\t\t\t\t\t\t\t\t\t<p>Nous sommes impatients d\u2019en savoir plus !<\/p>\t\t\t\t\t\t\t\t<\/div>\n\t\t\t\t<\/div>\n\t\t\t\t\t<\/div>\n\t\t\t\t<\/div>\n\t\t<div class=\"elementor-element elementor-element-59297ac e-flex e-con-boxed e-con e-parent\" data-id=\"59297ac\" data-element_type=\"container\" data-e-type=\"container\">\n\t\t\t\t\t<div class=\"e-con-inner\">\n\t\t<div class=\"elementor-element elementor-element-755bafb e-con-full e-flex e-con e-child\" data-id=\"755bafb\" data-element_type=\"container\" data-e-type=\"container\">\n\t\t\t\t<div class=\"elementor-element elementor-element-7fbfe9a elementor-widget elementor-widget-image\" data-id=\"7fbfe9a\" data-element_type=\"widget\" data-e-type=\"widget\" data-widget_type=\"image.default\">\n\t\t\t\t<div class=\"elementor-widget-container\">\n\t\t\t\t\t\t\t\t\t\t\t\t\t\t\t<img loading=\"lazy\" decoding=\"async\" width=\"600\" height=\"600\" src=\"https:\/\/coctelebra.com\/wp-content\/uploads\/2025\/04\/eventos-y-celebraciones-4.webp\" class=\"attachment-large size-large wp-image-1298\" alt=\"\" srcset=\"https:\/\/coctelebra.com\/wp-content\/uploads\/2025\/04\/eventos-y-celebraciones-4.webp 600w, https:\/\/coctelebra.com\/wp-content\/uploads\/2025\/04\/eventos-y-celebraciones-4-300x300.webp 300w, https:\/\/coctelebra.com\/wp-content\/uploads\/2025\/04\/eventos-y-celebraciones-4-150x150.webp 150w\" sizes=\"(max-width: 600px) 100vw, 600px\" \/>\t\t\t\t\t\t\t\t\t\t\t\t\t\t\t<\/div>\n\t\t\t\t<\/div>\n\t\t\t\t<\/div>\n\t\t<div class=\"elementor-element elementor-element-0a717a4 e-con-full e-flex e-con e-child\" data-id=\"0a717a4\" data-element_type=\"container\" data-e-type=\"container\">\n\t\t\t\t<div class=\"elementor-element elementor-element-6442257 elementor-widget elementor-widget-image\" data-id=\"6442257\" data-element_type=\"widget\" data-e-type=\"widget\" data-widget_type=\"image.default\">\n\t\t\t\t<div class=\"elementor-widget-container\">\n\t\t\t\t\t\t\t\t\t\t\t\t\t\t\t<img loading=\"lazy\" decoding=\"async\" width=\"600\" height=\"600\" src=\"https:\/\/coctelebra.com\/wp-content\/uploads\/2025\/04\/eventos-y-celebraciones-5.webp\" class=\"attachment-large size-large wp-image-1300\" alt=\"\" srcset=\"https:\/\/coctelebra.com\/wp-content\/uploads\/2025\/04\/eventos-y-celebraciones-5.webp 600w, https:\/\/coctelebra.com\/wp-content\/uploads\/2025\/04\/eventos-y-celebraciones-5-300x300.webp 300w, https:\/\/coctelebra.com\/wp-content\/uploads\/2025\/04\/eventos-y-celebraciones-5-150x150.webp 150w\" sizes=\"(max-width: 600px) 100vw, 600px\" \/>\t\t\t\t\t\t\t\t\t\t\t\t\t\t\t<\/div>\n\t\t\t\t<\/div>\n\t\t\t\t<\/div>\n\t\t<div class=\"elementor-element elementor-element-339a8e9 e-con-full e-flex e-con e-child\" data-id=\"339a8e9\" data-element_type=\"container\" data-e-type=\"container\">\n\t\t\t\t<div class=\"elementor-element elementor-element-ab2f8a9 elementor-widget elementor-widget-image\" data-id=\"ab2f8a9\" data-element_type=\"widget\" data-e-type=\"widget\" data-widget_type=\"image.default\">\n\t\t\t\t<div class=\"elementor-widget-container\">\n\t\t\t\t\t\t\t\t\t\t\t\t\t\t\t<img loading=\"lazy\" decoding=\"async\" width=\"600\" height=\"600\" src=\"https:\/\/coctelebra.com\/wp-content\/uploads\/2025\/04\/eventos-y-celebraciones-6.webp\" class=\"attachment-large size-large wp-image-1302\" alt=\"\" srcset=\"https:\/\/coctelebra.com\/wp-content\/uploads\/2025\/04\/eventos-y-celebraciones-6.webp 600w, https:\/\/coctelebra.com\/wp-content\/uploads\/2025\/04\/eventos-y-celebraciones-6-300x300.webp 300w, https:\/\/coctelebra.com\/wp-content\/uploads\/2025\/04\/eventos-y-celebraciones-6-150x150.webp 150w\" sizes=\"(max-width: 600px) 100vw, 600px\" \/>\t\t\t\t\t\t\t\t\t\t\t\t\t\t\t<\/div>\n\t\t\t\t<\/div>\n\t\t\t\t<\/div>\n\t\t\t\t\t<\/div>\n\t\t\t\t<\/div>\n\t\t\t\t<\/div>\n\t\t","protected":false},"excerpt":{"rendered":"<p>\u00c9v\u00e8nements et c\u00e9l\u00e9brations Vous souhaitez organiser un \u00e9v\u00e8nement avec nous ? Vous avez tr\u00e8s certainement entendu cette expression plus d\u2019une fois : \u00ab carpe diem \u00bb.Je crois que ce qui nous caract\u00e9rise le plus est notre intention de profiter du moment pr\u00e9sent, de savourer chaque instant, de ne manquer aucune opportunit\u00e9.C\u2019est pourquoi nous mettons un [&hellip;]<\/p>\n","protected":false},"author":2,"featured_media":0,"parent":0,"menu_order":0,"comment_status":"closed","ping_status":"closed","template":"","meta":{"footnotes":""},"class_list":["post-1516","page","type-page","status-publish","hentry"],"yoast_head":"<!-- This site is optimized with the Yoast SEO plugin v27.2 - https:\/\/yoast.com\/product\/yoast-seo-wordpress\/ -->\n<title>Traiteur pour \u00e9v\u00e8nements et c\u00e9l\u00e9brations<\/title>\n<meta name=\"robots\" content=\"index, follow, max-snippet:-1, max-image-preview:large, max-video-preview:-1\" \/>\n<link rel=\"canonical\" href=\"https:\/\/coctelebra.com\/fr\/evenements-et-celebrations\/\" \/>\n<meta property=\"og:locale\" content=\"fr_FR\" \/>\n<meta property=\"og:type\" content=\"article\" \/>\n<meta property=\"og:title\" content=\"Traiteur pour \u00e9v\u00e8nements et c\u00e9l\u00e9brations\" \/>\n<meta property=\"og:description\" content=\"\u00c9v\u00e8nements et c\u00e9l\u00e9brations Vous souhaitez organiser un \u00e9v\u00e8nement avec nous ? Vous avez tr\u00e8s certainement entendu cette expression plus d\u2019une fois : \u00ab carpe diem \u00bb.Je crois que ce qui nous caract\u00e9rise le plus est notre intention de profiter du moment pr\u00e9sent, de savourer chaque instant, de ne manquer aucune opportunit\u00e9.C\u2019est pourquoi nous mettons un [&hellip;]\" \/>\n<meta property=\"og:url\" content=\"https:\/\/coctelebra.com\/fr\/evenements-et-celebrations\/\" \/>\n<meta property=\"og:site_name\" content=\"Coctelebra Catering Menorca\" \/>\n<meta property=\"article:modified_time\" content=\"2025-07-14T08:26:35+00:00\" \/>\n<meta property=\"og:image\" content=\"https:\/\/coctelebra.com\/wp-content\/uploads\/2025\/04\/eventos-y-celebraciones.webp\" \/>\n\t<meta property=\"og:image:width\" content=\"600\" \/>\n\t<meta property=\"og:image:height\" content=\"600\" \/>\n\t<meta property=\"og:image:type\" content=\"image\/webp\" \/>\n<meta name=\"twitter:card\" content=\"summary_large_image\" \/>\n<meta name=\"twitter:label1\" content=\"Dur\u00e9e de lecture estim\u00e9e\" \/>\n\t<meta name=\"twitter:data1\" content=\"1 minute\" \/>\n<script type=\"application\/ld+json\" class=\"yoast-schema-graph\">{\"@context\":\"https:\/\/schema.org\",\"@graph\":[{\"@type\":\"WebPage\",\"@id\":\"https:\/\/coctelebra.com\/fr\/evenements-et-celebrations\/\",\"url\":\"https:\/\/coctelebra.com\/fr\/evenements-et-celebrations\/\",\"name\":\"Traiteur pour \u00e9v\u00e8nements et c\u00e9l\u00e9brations\",\"isPartOf\":{\"@id\":\"https:\/\/coctelebra.com\/fr\/#website\"},\"primaryImageOfPage\":{\"@id\":\"https:\/\/coctelebra.com\/fr\/evenements-et-celebrations\/#primaryimage\"},\"image\":{\"@id\":\"https:\/\/coctelebra.com\/fr\/evenements-et-celebrations\/#primaryimage\"},\"thumbnailUrl\":\"https:\/\/coctelebra.com\/wp-content\/uploads\/2025\/04\/eventos-y-celebraciones.webp\",\"datePublished\":\"2025-03-21T08:50:31+00:00\",\"dateModified\":\"2025-07-14T08:26:35+00:00\",\"breadcrumb\":{\"@id\":\"https:\/\/coctelebra.com\/fr\/evenements-et-celebrations\/#breadcrumb\"},\"inLanguage\":\"fr-FR\",\"potentialAction\":[{\"@type\":\"ReadAction\",\"target\":[\"https:\/\/coctelebra.com\/fr\/evenements-et-celebrations\/\"]}]},{\"@type\":\"ImageObject\",\"inLanguage\":\"fr-FR\",\"@id\":\"https:\/\/coctelebra.com\/fr\/evenements-et-celebrations\/#primaryimage\",\"url\":\"https:\/\/coctelebra.com\/wp-content\/uploads\/2025\/04\/eventos-y-celebraciones.webp\",\"contentUrl\":\"https:\/\/coctelebra.com\/wp-content\/uploads\/2025\/04\/eventos-y-celebraciones.webp\"},{\"@type\":\"BreadcrumbList\",\"@id\":\"https:\/\/coctelebra.com\/fr\/evenements-et-celebrations\/#breadcrumb\",\"itemListElement\":[{\"@type\":\"ListItem\",\"position\":1,\"name\":\"Home\",\"item\":\"https:\/\/coctelebra.com\/fr\/\"},{\"@type\":\"ListItem\",\"position\":2,\"name\":\"\u00c9v\u00e8nements et c\u00e9l\u00e9brations\"}]},{\"@type\":\"WebSite\",\"@id\":\"https:\/\/coctelebra.com\/fr\/#website\",\"url\":\"https:\/\/coctelebra.com\/fr\/\",\"name\":\"Coctelebra Catering Menorca\",\"description\":\"Catering para Bodas y Eventos en Menorca\",\"publisher\":{\"@id\":\"https:\/\/coctelebra.com\/fr\/#organization\"},\"potentialAction\":[{\"@type\":\"SearchAction\",\"target\":{\"@type\":\"EntryPoint\",\"urlTemplate\":\"https:\/\/coctelebra.com\/fr\/?s={search_term_string}\"},\"query-input\":{\"@type\":\"PropertyValueSpecification\",\"valueRequired\":true,\"valueName\":\"search_term_string\"}}],\"inLanguage\":\"fr-FR\"},{\"@type\":\"Organization\",\"@id\":\"https:\/\/coctelebra.com\/fr\/#organization\",\"name\":\"Coctelebra Catering Menorca\",\"url\":\"https:\/\/coctelebra.com\/fr\/\",\"logo\":{\"@type\":\"ImageObject\",\"inLanguage\":\"fr-FR\",\"@id\":\"https:\/\/coctelebra.com\/fr\/#\/schema\/logo\/image\/\",\"url\":\"https:\/\/coctelebra.com\/wp-content\/uploads\/2025\/03\/logo-coctelebra.jpg\",\"contentUrl\":\"https:\/\/coctelebra.com\/wp-content\/uploads\/2025\/03\/logo-coctelebra.jpg\",\"width\":1001,\"height\":314,\"caption\":\"Coctelebra Catering Menorca\"},\"image\":{\"@id\":\"https:\/\/coctelebra.com\/fr\/#\/schema\/logo\/image\/\"}}]}<\/script>\n<!-- \/ Yoast SEO plugin. -->","yoast_head_json":{"title":"Traiteur pour \u00e9v\u00e8nements et c\u00e9l\u00e9brations","robots":{"index":"index","follow":"follow","max-snippet":"max-snippet:-1","max-image-preview":"max-image-preview:large","max-video-preview":"max-video-preview:-1"},"canonical":"https:\/\/coctelebra.com\/fr\/evenements-et-celebrations\/","og_locale":"fr_FR","og_type":"article","og_title":"Traiteur pour \u00e9v\u00e8nements et c\u00e9l\u00e9brations","og_description":"\u00c9v\u00e8nements et c\u00e9l\u00e9brations Vous souhaitez organiser un \u00e9v\u00e8nement avec nous ? Vous avez tr\u00e8s certainement entendu cette expression plus d\u2019une fois : \u00ab carpe diem \u00bb.Je crois que ce qui nous caract\u00e9rise le plus est notre intention de profiter du moment pr\u00e9sent, de savourer chaque instant, de ne manquer aucune opportunit\u00e9.C\u2019est pourquoi nous mettons un [&hellip;]","og_url":"https:\/\/coctelebra.com\/fr\/evenements-et-celebrations\/","og_site_name":"Coctelebra Catering Menorca","article_modified_time":"2025-07-14T08:26:35+00:00","og_image":[{"width":600,"height":600,"url":"https:\/\/coctelebra.com\/wp-content\/uploads\/2025\/04\/eventos-y-celebraciones.webp","type":"image\/webp"}],"twitter_card":"summary_large_image","twitter_misc":{"Dur\u00e9e de lecture estim\u00e9e":"1 minute"},"schema":{"@context":"https:\/\/schema.org","@graph":[{"@type":"WebPage","@id":"https:\/\/coctelebra.com\/fr\/evenements-et-celebrations\/","url":"https:\/\/coctelebra.com\/fr\/evenements-et-celebrations\/","name":"Traiteur pour \u00e9v\u00e8nements et c\u00e9l\u00e9brations","isPartOf":{"@id":"https:\/\/coctelebra.com\/fr\/#website"},"primaryImageOfPage":{"@id":"https:\/\/coctelebra.com\/fr\/evenements-et-celebrations\/#primaryimage"},"image":{"@id":"https:\/\/coctelebra.com\/fr\/evenements-et-celebrations\/#primaryimage"},"thumbnailUrl":"https:\/\/coctelebra.com\/wp-content\/uploads\/2025\/04\/eventos-y-celebraciones.webp","datePublished":"2025-03-21T08:50:31+00:00","dateModified":"2025-07-14T08:26:35+00:00","breadcrumb":{"@id":"https:\/\/coctelebra.com\/fr\/evenements-et-celebrations\/#breadcrumb"},"inLanguage":"fr-FR","potentialAction":[{"@type":"ReadAction","target":["https:\/\/coctelebra.com\/fr\/evenements-et-celebrations\/"]}]},{"@type":"ImageObject","inLanguage":"fr-FR","@id":"https:\/\/coctelebra.com\/fr\/evenements-et-celebrations\/#primaryimage","url":"https:\/\/coctelebra.com\/wp-content\/uploads\/2025\/04\/eventos-y-celebraciones.webp","contentUrl":"https:\/\/coctelebra.com\/wp-content\/uploads\/2025\/04\/eventos-y-celebraciones.webp"},{"@type":"BreadcrumbList","@id":"https:\/\/coctelebra.com\/fr\/evenements-et-celebrations\/#breadcrumb","itemListElement":[{"@type":"ListItem","position":1,"name":"Home","item":"https:\/\/coctelebra.com\/fr\/"},{"@type":"ListItem","position":2,"name":"\u00c9v\u00e8nements et c\u00e9l\u00e9brations"}]},{"@type":"WebSite","@id":"https:\/\/coctelebra.com\/fr\/#website","url":"https:\/\/coctelebra.com\/fr\/","name":"Coctelebra Catering Menorca","description":"Catering para Bodas y Eventos en Menorca","publisher":{"@id":"https:\/\/coctelebra.com\/fr\/#organization"},"potentialAction":[{"@type":"SearchAction","target":{"@type":"EntryPoint","urlTemplate":"https:\/\/coctelebra.com\/fr\/?s={search_term_string}"},"query-input":{"@type":"PropertyValueSpecification","valueRequired":true,"valueName":"search_term_string"}}],"inLanguage":"fr-FR"},{"@type":"Organization","@id":"https:\/\/coctelebra.com\/fr\/#organization","name":"Coctelebra Catering Menorca","url":"https:\/\/coctelebra.com\/fr\/","logo":{"@type":"ImageObject","inLanguage":"fr-FR","@id":"https:\/\/coctelebra.com\/fr\/#\/schema\/logo\/image\/","url":"https:\/\/coctelebra.com\/wp-content\/uploads\/2025\/03\/logo-coctelebra.jpg","contentUrl":"https:\/\/coctelebra.com\/wp-content\/uploads\/2025\/03\/logo-coctelebra.jpg","width":1001,"height":314,"caption":"Coctelebra Catering Menorca"},"image":{"@id":"https:\/\/coctelebra.com\/fr\/#\/schema\/logo\/image\/"}}]}},"_links":{"self":[{"href":"https:\/\/coctelebra.com\/fr\/wp-json\/wp\/v2\/pages\/1516","targetHints":{"allow":["GET"]}}],"collection":[{"href":"https:\/\/coctelebra.com\/fr\/wp-json\/wp\/v2\/pages"}],"about":[{"href":"https:\/\/coctelebra.com\/fr\/wp-json\/wp\/v2\/types\/page"}],"author":[{"embeddable":true,"href":"https:\/\/coctelebra.com\/fr\/wp-json\/wp\/v2\/users\/2"}],"replies":[{"embeddable":true,"href":"https:\/\/coctelebra.com\/fr\/wp-json\/wp\/v2\/comments?post=1516"}],"version-history":[{"count":5,"href":"https:\/\/coctelebra.com\/fr\/wp-json\/wp\/v2\/pages\/1516\/revisions"}],"predecessor-version":[{"id":2124,"href":"https:\/\/coctelebra.com\/fr\/wp-json\/wp\/v2\/pages\/1516\/revisions\/2124"}],"wp:attachment":[{"href":"https:\/\/coctelebra.com\/fr\/wp-json\/wp\/v2\/media?parent=1516"}],"curies":[{"name":"wp","href":"https:\/\/api.w.org\/{rel}","templated":true}]}}