{"id":1512,"date":"2025-03-20T16:54:11","date_gmt":"2025-03-20T16:54:11","guid":{"rendered":"https:\/\/coctelebra.com\/notre-gastronomie\/"},"modified":"2025-07-14T08:25:48","modified_gmt":"2025-07-14T08:25:48","slug":"notre-gastronomie","status":"publish","type":"page","link":"https:\/\/coctelebra.com\/fr\/notre-gastronomie\/","title":{"rendered":"Notre gastronomie"},"content":{"rendered":"\t\t<div data-elementor-type=\"wp-page\" data-elementor-id=\"1512\" class=\"elementor elementor-1512 elementor-185\" data-elementor-post-type=\"page\">\n\t\t\t\t<div class=\"elementor-element elementor-element-47c28a6 e-flex e-con-boxed e-con e-parent\" data-id=\"47c28a6\" data-element_type=\"container\" data-e-type=\"container\">\n\t\t\t\t\t<div class=\"e-con-inner\">\n\t\t\t\t<div class=\"elementor-element elementor-element-5b6a40a elementor-widget elementor-widget-heading\" data-id=\"5b6a40a\" data-element_type=\"widget\" data-e-type=\"widget\" data-widget_type=\"heading.default\">\n\t\t\t\t<div class=\"elementor-widget-container\">\n\t\t\t\t\t<h1 class=\"elementor-heading-title elementor-size-default\">Notre gastronomie<\/h1>\t\t\t\t<\/div>\n\t\t\t\t<\/div>\n\t\t\t\t\t<\/div>\n\t\t\t\t<\/div>\n\t\t<div class=\"elementor-element elementor-element-b26b1bd e-flex e-con-boxed e-con e-parent\" data-id=\"b26b1bd\" data-element_type=\"container\" data-e-type=\"container\">\n\t\t\t\t\t<div class=\"e-con-inner\">\n\t\t<div class=\"elementor-element elementor-element-2d27718 e-con-full e-flex e-con e-child\" data-id=\"2d27718\" data-element_type=\"container\" data-e-type=\"container\">\n\t\t\t\t<div class=\"elementor-element elementor-element-7d0369e elementor-widget elementor-widget-image\" data-id=\"7d0369e\" data-element_type=\"widget\" data-e-type=\"widget\" data-widget_type=\"image.default\">\n\t\t\t\t<div class=\"elementor-widget-container\">\n\t\t\t\t\t\t\t\t\t\t\t\t\t\t\t<img fetchpriority=\"high\" decoding=\"async\" width=\"683\" height=\"534\" src=\"https:\/\/coctelebra.com\/wp-content\/uploads\/2025\/03\/Coctelebra-gastronomia.webp\" class=\"attachment-large size-large wp-image-1113\" alt=\"\" srcset=\"https:\/\/coctelebra.com\/wp-content\/uploads\/2025\/03\/Coctelebra-gastronomia.webp 683w, https:\/\/coctelebra.com\/wp-content\/uploads\/2025\/03\/Coctelebra-gastronomia-300x235.webp 300w\" sizes=\"(max-width: 683px) 100vw, 683px\" \/>\t\t\t\t\t\t\t\t\t\t\t\t\t\t\t<\/div>\n\t\t\t\t<\/div>\n\t\t\t\t<\/div>\n\t\t<div class=\"elementor-element elementor-element-9d800c0 e-con-full e-flex e-con e-child\" data-id=\"9d800c0\" data-element_type=\"container\" data-e-type=\"container\">\n\t\t\t\t<div class=\"elementor-element elementor-element-4c9f710 elementor-widget elementor-widget-image\" data-id=\"4c9f710\" data-element_type=\"widget\" data-e-type=\"widget\" data-widget_type=\"image.default\">\n\t\t\t\t<div class=\"elementor-widget-container\">\n\t\t\t\t\t\t\t\t\t\t\t\t\t\t\t<img decoding=\"async\" width=\"672\" height=\"534\" src=\"https:\/\/coctelebra.com\/wp-content\/uploads\/2025\/03\/Coctelebra-gastronomia-1.webp\" class=\"attachment-large size-large wp-image-1115\" alt=\"\" srcset=\"https:\/\/coctelebra.com\/wp-content\/uploads\/2025\/03\/Coctelebra-gastronomia-1.webp 672w, https:\/\/coctelebra.com\/wp-content\/uploads\/2025\/03\/Coctelebra-gastronomia-1-300x238.webp 300w\" sizes=\"(max-width: 672px) 100vw, 672px\" \/>\t\t\t\t\t\t\t\t\t\t\t\t\t\t\t<\/div>\n\t\t\t\t<\/div>\n\t\t\t\t<\/div>\n\t\t\t\t\t<\/div>\n\t\t\t\t<\/div>\n\t\t<div class=\"elementor-element elementor-element-7db8ad9 e-flex e-con-boxed e-con e-parent\" data-id=\"7db8ad9\" data-element_type=\"container\" data-e-type=\"container\">\n\t\t\t\t\t<div class=\"e-con-inner\">\n\t\t\t\t<div class=\"elementor-element elementor-element-91a22f7 elementor-widget elementor-widget-text-editor\" data-id=\"91a22f7\" data-element_type=\"widget\" data-e-type=\"widget\" data-widget_type=\"text-editor.default\">\n\t\t\t\t<div class=\"elementor-widget-container\">\n\t\t\t\t\t\t\t\t\t<p><strong>\u00ab Je ne me contente pas de cuisiner,<br><\/strong><strong>je veux cr\u00e9er des \u00e9motions. \u00bb<\/strong><\/p>\t\t\t\t\t\t\t\t<\/div>\n\t\t\t\t<\/div>\n\t\t\t\t\t<\/div>\n\t\t\t\t<\/div>\n\t\t<div class=\"elementor-element elementor-element-5ee6058 e-flex e-con-boxed e-con e-parent\" data-id=\"5ee6058\" data-element_type=\"container\" data-e-type=\"container\">\n\t\t\t\t\t<div class=\"e-con-inner\">\n\t\t\t\t<div class=\"elementor-element elementor-element-65cfdd3 elementor-widget elementor-widget-text-editor\" data-id=\"65cfdd3\" data-element_type=\"widget\" data-e-type=\"widget\" data-widget_type=\"text-editor.default\">\n\t\t\t\t<div class=\"elementor-widget-container\">\n\t\t\t\t\t\t\t\t\t<p>\u2013Joan Roca\u2013<\/p>\t\t\t\t\t\t\t\t<\/div>\n\t\t\t\t<\/div>\n\t\t\t\t\t<\/div>\n\t\t\t\t<\/div>\n\t\t<div class=\"elementor-element elementor-element-a9cf829 e-flex e-con-boxed e-con e-parent\" data-id=\"a9cf829\" data-element_type=\"container\" data-e-type=\"container\">\n\t\t\t\t\t<div class=\"e-con-inner\">\n\t\t<div class=\"elementor-element elementor-element-c779a82 e-con-full e-flex e-con e-child\" data-id=\"c779a82\" data-element_type=\"container\" data-e-type=\"container\">\n\t\t\t\t<div class=\"elementor-element elementor-element-2ddbd63 elementor-widget elementor-widget-image\" data-id=\"2ddbd63\" data-element_type=\"widget\" data-e-type=\"widget\" data-widget_type=\"image.default\">\n\t\t\t\t<div class=\"elementor-widget-container\">\n\t\t\t\t\t\t\t\t\t\t\t\t\t\t\t<img decoding=\"async\" width=\"1709\" height=\"1465\" src=\"https:\/\/coctelebra.com\/wp-content\/uploads\/2025\/03\/Coctelebra-gastronomia-2.webp\" class=\"attachment-full size-full wp-image-1117\" alt=\"\" srcset=\"https:\/\/coctelebra.com\/wp-content\/uploads\/2025\/03\/Coctelebra-gastronomia-2.webp 1709w, https:\/\/coctelebra.com\/wp-content\/uploads\/2025\/03\/Coctelebra-gastronomia-2-300x257.webp 300w, https:\/\/coctelebra.com\/wp-content\/uploads\/2025\/03\/Coctelebra-gastronomia-2-1024x878.webp 1024w, https:\/\/coctelebra.com\/wp-content\/uploads\/2025\/03\/Coctelebra-gastronomia-2-768x658.webp 768w, https:\/\/coctelebra.com\/wp-content\/uploads\/2025\/03\/Coctelebra-gastronomia-2-1536x1317.webp 1536w\" sizes=\"(max-width: 1709px) 100vw, 1709px\" \/>\t\t\t\t\t\t\t\t\t\t\t\t\t\t\t<\/div>\n\t\t\t\t<\/div>\n\t\t\t\t<\/div>\n\t\t<div class=\"elementor-element elementor-element-ff90212 e-con-full e-flex e-con e-child\" data-id=\"ff90212\" data-element_type=\"container\" data-e-type=\"container\" data-settings=\"{&quot;background_background&quot;:&quot;classic&quot;}\">\n\t\t\t\t<div class=\"elementor-element elementor-element-3210277 elementor-widget elementor-widget-text-editor\" data-id=\"3210277\" data-element_type=\"widget\" data-e-type=\"widget\" data-widget_type=\"text-editor.default\">\n\t\t\t\t<div class=\"elementor-widget-container\">\n\t\t\t\t\t\t\t\t\t<div>Qualit\u00e9, mati\u00e8res premi\u00e8res haut de gamme et une saveur unique, voil\u00e0 ce qui caract\u00e9rise notre cuisine.<\/div><div>Coctelebra Catering est n\u00e9 du d\u00e9sir de cr\u00e9er, de transformer des espaces, des lieux, des \u00e9v\u00e8nements et des c\u00e9l\u00e9brations en une exp\u00e9rience hors du commun.Qualit\u00e9, mati\u00e8res premi\u00e8res haut de gamme et une saveur unique, voil\u00e0 ce qui caract\u00e9rise notre cuisine.<\/div><div>Nous consid\u00e9rons la cuisine comme un processus en constante \u00e9volution o\u00f9 la tradition cohabite avec les nouvelles tendances. Il faut donc s\u2019adapter, fusionner et aller de l\u2019avant.<\/div><div> <\/div><div>L\u2019un de nos plus grands d\u00e9fis est de proposer une gastronomie parfaitement appropri\u00e9e \u00e0 chaque type d\u2019\u00e9v\u00e8nement, de s\u00e9duire les palais les plus exigeants et de susciter l\u2019\u00e9motion.<\/div><div>L\u2019amour et la cuisine ont toujours \u00e9t\u00e9 \u00e9troitement li\u00e9s. Nous ne pourrions pas faire ce m\u00e9tier sans la passion qui nous anime au quotidien.<\/div>\t\t\t\t\t\t\t\t<\/div>\n\t\t\t\t<\/div>\n\t\t\t\t<\/div>\n\t\t\t\t\t<\/div>\n\t\t\t\t<\/div>\n\t\t<div class=\"elementor-element elementor-element-280bd1a e-flex e-con-boxed e-con e-parent\" data-id=\"280bd1a\" data-element_type=\"container\" data-e-type=\"container\">\n\t\t\t\t\t<div class=\"e-con-inner\">\n\t\t<div class=\"elementor-element elementor-element-e1b571d e-con-full e-flex e-con e-child\" data-id=\"e1b571d\" data-element_type=\"container\" data-e-type=\"container\">\n\t\t\t\t<div class=\"elementor-element elementor-element-b1f3374 elementor-widget elementor-widget-image\" data-id=\"b1f3374\" data-element_type=\"widget\" data-e-type=\"widget\" data-widget_type=\"image.default\">\n\t\t\t\t<div class=\"elementor-widget-container\">\n\t\t\t\t\t\t\t\t\t\t\t\t\t\t\t<img loading=\"lazy\" decoding=\"async\" width=\"600\" height=\"600\" src=\"https:\/\/coctelebra.com\/wp-content\/uploads\/2025\/04\/coctelebra-gastronomia.webp\" class=\"attachment-full size-full wp-image-1274\" alt=\"\" srcset=\"https:\/\/coctelebra.com\/wp-content\/uploads\/2025\/04\/coctelebra-gastronomia.webp 600w, https:\/\/coctelebra.com\/wp-content\/uploads\/2025\/04\/coctelebra-gastronomia-300x300.webp 300w, https:\/\/coctelebra.com\/wp-content\/uploads\/2025\/04\/coctelebra-gastronomia-150x150.webp 150w\" sizes=\"(max-width: 600px) 100vw, 600px\" \/>\t\t\t\t\t\t\t\t\t\t\t\t\t\t\t<\/div>\n\t\t\t\t<\/div>\n\t\t\t\t<\/div>\n\t\t<div class=\"elementor-element elementor-element-be4b1ce e-con-full e-flex e-con e-child\" data-id=\"be4b1ce\" data-element_type=\"container\" data-e-type=\"container\">\n\t\t\t\t<div class=\"elementor-element elementor-element-afd26ca elementor-widget elementor-widget-image\" data-id=\"afd26ca\" data-element_type=\"widget\" data-e-type=\"widget\" data-widget_type=\"image.default\">\n\t\t\t\t<div class=\"elementor-widget-container\">\n\t\t\t\t\t\t\t\t\t\t\t\t\t\t\t<img loading=\"lazy\" decoding=\"async\" width=\"600\" height=\"600\" src=\"https:\/\/coctelebra.com\/wp-content\/uploads\/2025\/04\/coctelebra-gastronomia-2.webp\" class=\"attachment-large size-large wp-image-1276\" alt=\"\" srcset=\"https:\/\/coctelebra.com\/wp-content\/uploads\/2025\/04\/coctelebra-gastronomia-2.webp 600w, https:\/\/coctelebra.com\/wp-content\/uploads\/2025\/04\/coctelebra-gastronomia-2-300x300.webp 300w, https:\/\/coctelebra.com\/wp-content\/uploads\/2025\/04\/coctelebra-gastronomia-2-150x150.webp 150w\" sizes=\"(max-width: 600px) 100vw, 600px\" \/>\t\t\t\t\t\t\t\t\t\t\t\t\t\t\t<\/div>\n\t\t\t\t<\/div>\n\t\t\t\t<\/div>\n\t\t<div class=\"elementor-element elementor-element-a502e10 e-con-full e-flex e-con e-child\" data-id=\"a502e10\" data-element_type=\"container\" data-e-type=\"container\">\n\t\t\t\t<div class=\"elementor-element elementor-element-0c6e860 elementor-widget elementor-widget-image\" data-id=\"0c6e860\" data-element_type=\"widget\" data-e-type=\"widget\" data-widget_type=\"image.default\">\n\t\t\t\t<div class=\"elementor-widget-container\">\n\t\t\t\t\t\t\t\t\t\t\t\t\t\t\t<img loading=\"lazy\" decoding=\"async\" width=\"600\" height=\"600\" src=\"https:\/\/coctelebra.com\/wp-content\/uploads\/2025\/04\/coctelebra-gastronomia-3.webp\" class=\"attachment-large size-large wp-image-1278\" alt=\"\" srcset=\"https:\/\/coctelebra.com\/wp-content\/uploads\/2025\/04\/coctelebra-gastronomia-3.webp 600w, https:\/\/coctelebra.com\/wp-content\/uploads\/2025\/04\/coctelebra-gastronomia-3-300x300.webp 300w, https:\/\/coctelebra.com\/wp-content\/uploads\/2025\/04\/coctelebra-gastronomia-3-150x150.webp 150w\" sizes=\"(max-width: 600px) 100vw, 600px\" \/>\t\t\t\t\t\t\t\t\t\t\t\t\t\t\t<\/div>\n\t\t\t\t<\/div>\n\t\t\t\t<\/div>\n\t\t\t\t\t<\/div>\n\t\t\t\t<\/div>\n\t\t\t\t<\/div>\n\t\t","protected":false},"excerpt":{"rendered":"<p>Notre gastronomie \u00ab Je ne me contente pas de cuisiner,je veux cr\u00e9er des \u00e9motions. \u00bb \u2013Joan Roca\u2013 Qualit\u00e9, mati\u00e8res premi\u00e8res haut de gamme et une saveur unique, voil\u00e0 ce qui caract\u00e9rise notre cuisine.Coctelebra Catering est n\u00e9 du d\u00e9sir de cr\u00e9er, de transformer des espaces, des lieux, des \u00e9v\u00e8nements et des c\u00e9l\u00e9brations en une exp\u00e9rience hors [&hellip;]<\/p>\n","protected":false},"author":2,"featured_media":0,"parent":0,"menu_order":0,"comment_status":"closed","ping_status":"closed","template":"","meta":{"footnotes":""},"class_list":["post-1512","page","type-page","status-publish","hentry"],"yoast_head":"<!-- This site is optimized with the Yoast SEO plugin v27.2 - https:\/\/yoast.com\/product\/yoast-seo-wordpress\/ -->\n<title>Notre gastronomie - Coctelebra Catering Menorca<\/title>\n<meta name=\"robots\" content=\"index, follow, max-snippet:-1, max-image-preview:large, max-video-preview:-1\" \/>\n<link rel=\"canonical\" href=\"https:\/\/coctelebra.com\/fr\/notre-gastronomie\/\" \/>\n<meta property=\"og:locale\" content=\"fr_FR\" \/>\n<meta property=\"og:type\" content=\"article\" \/>\n<meta property=\"og:title\" content=\"Notre gastronomie - Coctelebra Catering Menorca\" \/>\n<meta property=\"og:description\" content=\"Notre gastronomie \u00ab Je ne me contente pas de cuisiner,je veux cr\u00e9er des \u00e9motions. \u00bb \u2013Joan Roca\u2013 Qualit\u00e9, mati\u00e8res premi\u00e8res haut de gamme et une saveur unique, voil\u00e0 ce qui caract\u00e9rise notre cuisine.Coctelebra Catering est n\u00e9 du d\u00e9sir de cr\u00e9er, de transformer des espaces, des lieux, des \u00e9v\u00e8nements et des c\u00e9l\u00e9brations en une exp\u00e9rience hors [&hellip;]\" \/>\n<meta property=\"og:url\" content=\"https:\/\/coctelebra.com\/fr\/notre-gastronomie\/\" \/>\n<meta property=\"og:site_name\" content=\"Coctelebra Catering Menorca\" \/>\n<meta property=\"article:modified_time\" content=\"2025-07-14T08:25:48+00:00\" \/>\n<meta property=\"og:image\" content=\"https:\/\/coctelebra.com\/wp-content\/uploads\/2025\/03\/Coctelebra-gastronomia.webp\" \/>\n\t<meta property=\"og:image:width\" content=\"683\" \/>\n\t<meta property=\"og:image:height\" content=\"534\" \/>\n\t<meta property=\"og:image:type\" content=\"image\/webp\" \/>\n<meta name=\"twitter:card\" content=\"summary_large_image\" \/>\n<meta name=\"twitter:label1\" content=\"Dur\u00e9e de lecture estim\u00e9e\" \/>\n\t<meta name=\"twitter:data1\" content=\"1 minute\" \/>\n<script type=\"application\/ld+json\" class=\"yoast-schema-graph\">{\"@context\":\"https:\/\/schema.org\",\"@graph\":[{\"@type\":\"WebPage\",\"@id\":\"https:\/\/coctelebra.com\/fr\/notre-gastronomie\/\",\"url\":\"https:\/\/coctelebra.com\/fr\/notre-gastronomie\/\",\"name\":\"Notre gastronomie - Coctelebra Catering Menorca\",\"isPartOf\":{\"@id\":\"https:\/\/coctelebra.com\/fr\/#website\"},\"primaryImageOfPage\":{\"@id\":\"https:\/\/coctelebra.com\/fr\/notre-gastronomie\/#primaryimage\"},\"image\":{\"@id\":\"https:\/\/coctelebra.com\/fr\/notre-gastronomie\/#primaryimage\"},\"thumbnailUrl\":\"https:\/\/coctelebra.com\/wp-content\/uploads\/2025\/03\/Coctelebra-gastronomia.webp\",\"datePublished\":\"2025-03-20T16:54:11+00:00\",\"dateModified\":\"2025-07-14T08:25:48+00:00\",\"breadcrumb\":{\"@id\":\"https:\/\/coctelebra.com\/fr\/notre-gastronomie\/#breadcrumb\"},\"inLanguage\":\"fr-FR\",\"potentialAction\":[{\"@type\":\"ReadAction\",\"target\":[\"https:\/\/coctelebra.com\/fr\/notre-gastronomie\/\"]}]},{\"@type\":\"ImageObject\",\"inLanguage\":\"fr-FR\",\"@id\":\"https:\/\/coctelebra.com\/fr\/notre-gastronomie\/#primaryimage\",\"url\":\"https:\/\/coctelebra.com\/wp-content\/uploads\/2025\/03\/Coctelebra-gastronomia.webp\",\"contentUrl\":\"https:\/\/coctelebra.com\/wp-content\/uploads\/2025\/03\/Coctelebra-gastronomia.webp\"},{\"@type\":\"BreadcrumbList\",\"@id\":\"https:\/\/coctelebra.com\/fr\/notre-gastronomie\/#breadcrumb\",\"itemListElement\":[{\"@type\":\"ListItem\",\"position\":1,\"name\":\"Home\",\"item\":\"https:\/\/coctelebra.com\/fr\/\"},{\"@type\":\"ListItem\",\"position\":2,\"name\":\"Notre gastronomie\"}]},{\"@type\":\"WebSite\",\"@id\":\"https:\/\/coctelebra.com\/fr\/#website\",\"url\":\"https:\/\/coctelebra.com\/fr\/\",\"name\":\"Coctelebra Catering Menorca\",\"description\":\"Catering para Bodas y Eventos en Menorca\",\"publisher\":{\"@id\":\"https:\/\/coctelebra.com\/fr\/#organization\"},\"potentialAction\":[{\"@type\":\"SearchAction\",\"target\":{\"@type\":\"EntryPoint\",\"urlTemplate\":\"https:\/\/coctelebra.com\/fr\/?s={search_term_string}\"},\"query-input\":{\"@type\":\"PropertyValueSpecification\",\"valueRequired\":true,\"valueName\":\"search_term_string\"}}],\"inLanguage\":\"fr-FR\"},{\"@type\":\"Organization\",\"@id\":\"https:\/\/coctelebra.com\/fr\/#organization\",\"name\":\"Coctelebra Catering Menorca\",\"url\":\"https:\/\/coctelebra.com\/fr\/\",\"logo\":{\"@type\":\"ImageObject\",\"inLanguage\":\"fr-FR\",\"@id\":\"https:\/\/coctelebra.com\/fr\/#\/schema\/logo\/image\/\",\"url\":\"https:\/\/coctelebra.com\/wp-content\/uploads\/2025\/03\/logo-coctelebra.jpg\",\"contentUrl\":\"https:\/\/coctelebra.com\/wp-content\/uploads\/2025\/03\/logo-coctelebra.jpg\",\"width\":1001,\"height\":314,\"caption\":\"Coctelebra Catering Menorca\"},\"image\":{\"@id\":\"https:\/\/coctelebra.com\/fr\/#\/schema\/logo\/image\/\"}}]}<\/script>\n<!-- \/ Yoast SEO plugin. -->","yoast_head_json":{"title":"Notre gastronomie - Coctelebra Catering Menorca","robots":{"index":"index","follow":"follow","max-snippet":"max-snippet:-1","max-image-preview":"max-image-preview:large","max-video-preview":"max-video-preview:-1"},"canonical":"https:\/\/coctelebra.com\/fr\/notre-gastronomie\/","og_locale":"fr_FR","og_type":"article","og_title":"Notre gastronomie - Coctelebra Catering Menorca","og_description":"Notre gastronomie \u00ab Je ne me contente pas de cuisiner,je veux cr\u00e9er des \u00e9motions. \u00bb \u2013Joan Roca\u2013 Qualit\u00e9, mati\u00e8res premi\u00e8res haut de gamme et une saveur unique, voil\u00e0 ce qui caract\u00e9rise notre cuisine.Coctelebra Catering est n\u00e9 du d\u00e9sir de cr\u00e9er, de transformer des espaces, des lieux, des \u00e9v\u00e8nements et des c\u00e9l\u00e9brations en une exp\u00e9rience hors [&hellip;]","og_url":"https:\/\/coctelebra.com\/fr\/notre-gastronomie\/","og_site_name":"Coctelebra Catering Menorca","article_modified_time":"2025-07-14T08:25:48+00:00","og_image":[{"width":683,"height":534,"url":"https:\/\/coctelebra.com\/wp-content\/uploads\/2025\/03\/Coctelebra-gastronomia.webp","type":"image\/webp"}],"twitter_card":"summary_large_image","twitter_misc":{"Dur\u00e9e de lecture estim\u00e9e":"1 minute"},"schema":{"@context":"https:\/\/schema.org","@graph":[{"@type":"WebPage","@id":"https:\/\/coctelebra.com\/fr\/notre-gastronomie\/","url":"https:\/\/coctelebra.com\/fr\/notre-gastronomie\/","name":"Notre gastronomie - Coctelebra Catering Menorca","isPartOf":{"@id":"https:\/\/coctelebra.com\/fr\/#website"},"primaryImageOfPage":{"@id":"https:\/\/coctelebra.com\/fr\/notre-gastronomie\/#primaryimage"},"image":{"@id":"https:\/\/coctelebra.com\/fr\/notre-gastronomie\/#primaryimage"},"thumbnailUrl":"https:\/\/coctelebra.com\/wp-content\/uploads\/2025\/03\/Coctelebra-gastronomia.webp","datePublished":"2025-03-20T16:54:11+00:00","dateModified":"2025-07-14T08:25:48+00:00","breadcrumb":{"@id":"https:\/\/coctelebra.com\/fr\/notre-gastronomie\/#breadcrumb"},"inLanguage":"fr-FR","potentialAction":[{"@type":"ReadAction","target":["https:\/\/coctelebra.com\/fr\/notre-gastronomie\/"]}]},{"@type":"ImageObject","inLanguage":"fr-FR","@id":"https:\/\/coctelebra.com\/fr\/notre-gastronomie\/#primaryimage","url":"https:\/\/coctelebra.com\/wp-content\/uploads\/2025\/03\/Coctelebra-gastronomia.webp","contentUrl":"https:\/\/coctelebra.com\/wp-content\/uploads\/2025\/03\/Coctelebra-gastronomia.webp"},{"@type":"BreadcrumbList","@id":"https:\/\/coctelebra.com\/fr\/notre-gastronomie\/#breadcrumb","itemListElement":[{"@type":"ListItem","position":1,"name":"Home","item":"https:\/\/coctelebra.com\/fr\/"},{"@type":"ListItem","position":2,"name":"Notre gastronomie"}]},{"@type":"WebSite","@id":"https:\/\/coctelebra.com\/fr\/#website","url":"https:\/\/coctelebra.com\/fr\/","name":"Coctelebra Catering Menorca","description":"Catering para Bodas y Eventos en Menorca","publisher":{"@id":"https:\/\/coctelebra.com\/fr\/#organization"},"potentialAction":[{"@type":"SearchAction","target":{"@type":"EntryPoint","urlTemplate":"https:\/\/coctelebra.com\/fr\/?s={search_term_string}"},"query-input":{"@type":"PropertyValueSpecification","valueRequired":true,"valueName":"search_term_string"}}],"inLanguage":"fr-FR"},{"@type":"Organization","@id":"https:\/\/coctelebra.com\/fr\/#organization","name":"Coctelebra Catering Menorca","url":"https:\/\/coctelebra.com\/fr\/","logo":{"@type":"ImageObject","inLanguage":"fr-FR","@id":"https:\/\/coctelebra.com\/fr\/#\/schema\/logo\/image\/","url":"https:\/\/coctelebra.com\/wp-content\/uploads\/2025\/03\/logo-coctelebra.jpg","contentUrl":"https:\/\/coctelebra.com\/wp-content\/uploads\/2025\/03\/logo-coctelebra.jpg","width":1001,"height":314,"caption":"Coctelebra Catering Menorca"},"image":{"@id":"https:\/\/coctelebra.com\/fr\/#\/schema\/logo\/image\/"}}]}},"_links":{"self":[{"href":"https:\/\/coctelebra.com\/fr\/wp-json\/wp\/v2\/pages\/1512","targetHints":{"allow":["GET"]}}],"collection":[{"href":"https:\/\/coctelebra.com\/fr\/wp-json\/wp\/v2\/pages"}],"about":[{"href":"https:\/\/coctelebra.com\/fr\/wp-json\/wp\/v2\/types\/page"}],"author":[{"embeddable":true,"href":"https:\/\/coctelebra.com\/fr\/wp-json\/wp\/v2\/users\/2"}],"replies":[{"embeddable":true,"href":"https:\/\/coctelebra.com\/fr\/wp-json\/wp\/v2\/comments?post=1512"}],"version-history":[{"count":5,"href":"https:\/\/coctelebra.com\/fr\/wp-json\/wp\/v2\/pages\/1512\/revisions"}],"predecessor-version":[{"id":2114,"href":"https:\/\/coctelebra.com\/fr\/wp-json\/wp\/v2\/pages\/1512\/revisions\/2114"}],"wp:attachment":[{"href":"https:\/\/coctelebra.com\/fr\/wp-json\/wp\/v2\/media?parent=1512"}],"curies":[{"name":"wp","href":"https:\/\/api.w.org\/{rel}","templated":true}]}}