{"id":1510,"date":"2025-03-20T11:55:58","date_gmt":"2025-03-20T11:55:58","guid":{"rendered":"https:\/\/coctelebra.com\/qui-sommes-nous\/"},"modified":"2025-04-25T06:41:31","modified_gmt":"2025-04-25T06:41:31","slug":"qui-sommes-nous","status":"publish","type":"page","link":"https:\/\/coctelebra.com\/fr\/qui-sommes-nous\/","title":{"rendered":"Qui sommes-nous?"},"content":{"rendered":"\t\t<div data-elementor-type=\"wp-page\" data-elementor-id=\"1510\" class=\"elementor elementor-1510 elementor-103\" data-elementor-post-type=\"page\">\n\t\t\t\t<div class=\"elementor-element elementor-element-5b611fe e-flex e-con-boxed e-con e-parent\" data-id=\"5b611fe\" data-element_type=\"container\" data-e-type=\"container\">\n\t\t\t\t\t<div class=\"e-con-inner\">\n\t\t\t\t<div class=\"elementor-element elementor-element-987926e elementor-widget elementor-widget-heading\" data-id=\"987926e\" data-element_type=\"widget\" data-e-type=\"widget\" data-widget_type=\"heading.default\">\n\t\t\t\t<div class=\"elementor-widget-container\">\n\t\t\t\t\t<h1 class=\"elementor-heading-title elementor-size-default\">Qui sommes-nous ?<\/h1>\t\t\t\t<\/div>\n\t\t\t\t<\/div>\n\t\t\t\t\t<\/div>\n\t\t\t\t<\/div>\n\t\t<div class=\"elementor-element elementor-element-06ae252 e-flex e-con-boxed e-con e-parent\" data-id=\"06ae252\" data-element_type=\"container\" data-e-type=\"container\" data-settings=\"{&quot;background_background&quot;:&quot;classic&quot;}\">\n\t\t\t\t\t<div class=\"e-con-inner\">\n\t\t<div class=\"elementor-element elementor-element-8dba9fc e-con-full e-flex e-con e-child\" data-id=\"8dba9fc\" data-element_type=\"container\" data-e-type=\"container\" data-settings=\"{&quot;background_background&quot;:&quot;classic&quot;}\">\n\t\t\t\t<div class=\"elementor-element elementor-element-644390d elementor-widget elementor-widget-text-editor\" data-id=\"644390d\" data-element_type=\"widget\" data-e-type=\"widget\" data-widget_type=\"text-editor.default\">\n\t\t\t\t<div class=\"elementor-widget-container\">\n\t\t\t\t\t\t\t\t\t<p>Nous sommes l\u2019\u00e9quipe que<br>vous recherchiez<\/p>\t\t\t\t\t\t\t\t<\/div>\n\t\t\t\t<\/div>\n\t\t\t\t<\/div>\n\t\t\t\t\t<\/div>\n\t\t\t\t<\/div>\n\t\t<div class=\"elementor-element elementor-element-d812f4f e-flex e-con-boxed e-con e-parent\" data-id=\"d812f4f\" data-element_type=\"container\" data-e-type=\"container\">\n\t\t\t\t\t<div class=\"e-con-inner\">\n\t\t<div class=\"elementor-element elementor-element-c92d20f e-con-full e-flex e-con e-child\" data-id=\"c92d20f\" data-element_type=\"container\" data-e-type=\"container\">\n\t\t\t\t<div class=\"elementor-element elementor-element-9fdb66d elementor-widget elementor-widget-text-editor\" data-id=\"9fdb66d\" data-element_type=\"widget\" data-e-type=\"widget\" data-widget_type=\"text-editor.default\">\n\t\t\t\t<div class=\"elementor-widget-container\">\n\t\t\t\t\t\t\t\t\t<p><strong><em>\u00ab Peu importe la lenteur avec laquelle vous avancez<br><\/em><em>tant que vous ne vous arr\u00eatez pas \u00bb<\/em><\/strong><\/p>\t\t\t\t\t\t\t\t<\/div>\n\t\t\t\t<\/div>\n\t\t\t\t<div class=\"elementor-element elementor-element-01f0f0a elementor-widget elementor-widget-text-editor\" data-id=\"01f0f0a\" data-element_type=\"widget\" data-e-type=\"widget\" data-widget_type=\"text-editor.default\">\n\t\t\t\t<div class=\"elementor-widget-container\">\n\t\t\t\t\t\t\t\t\t<p class=\"fusion-title-heading title-heading-right fusion-responsive-typography-calculated\"><em>\u2013Confucius \u2013<\/em><\/p>\t\t\t\t\t\t\t\t<\/div>\n\t\t\t\t<\/div>\n\t\t\t\t<\/div>\n\t\t\t\t\t<\/div>\n\t\t\t\t<\/div>\n\t\t<div class=\"elementor-element elementor-element-cbdd866 e-flex e-con-boxed e-con e-parent\" data-id=\"cbdd866\" data-element_type=\"container\" data-e-type=\"container\">\n\t\t\t\t\t<div class=\"e-con-inner\">\n\t\t<div class=\"elementor-element elementor-element-f951caa e-con-full e-flex e-con e-child\" data-id=\"f951caa\" data-element_type=\"container\" data-e-type=\"container\" data-settings=\"{&quot;background_background&quot;:&quot;classic&quot;}\">\n\t\t\t\t<\/div>\n\t\t<div class=\"elementor-element elementor-element-47aea0e e-con-full e-flex e-con e-child\" data-id=\"47aea0e\" data-element_type=\"container\" data-e-type=\"container\">\n\t\t\t\t<div class=\"elementor-element elementor-element-9213d34 elementor-widget elementor-widget-text-editor\" data-id=\"9213d34\" data-element_type=\"widget\" data-e-type=\"widget\" data-widget_type=\"text-editor.default\">\n\t\t\t\t<div class=\"elementor-widget-container\">\n\t\t\t\t\t\t\t\t\t<p class=\"fusion-title-heading title-heading-center fusion-responsive-typography-calculated\"><em>NOTRE HISTOIRE<\/em><\/p>\t\t\t\t\t\t\t\t<\/div>\n\t\t\t\t<\/div>\n\t\t\t\t<div class=\"elementor-element elementor-element-4420ba9 elementor-widget elementor-widget-text-editor\" data-id=\"4420ba9\" data-element_type=\"widget\" data-e-type=\"widget\" data-widget_type=\"text-editor.default\">\n\t\t\t\t<div class=\"elementor-widget-container\">\n\t\t\t\t\t\t\t\t\t<p>Notre aventure commence en 2016 en bas de l\u2019\u00e9chelle, avec la premi\u00e8re pens\u00e9e qui est\u00e0 l\u2019origine de ce projet.<\/p><p>Notre aventure commence en 2016 en bas de l\u2019\u00e9chelle, avec la premi\u00e8re pens\u00e9e qui est\u00e0 l\u2019origine de ce projet.  <\/p><p>Aujourd\u2019hui, nous sommes une \u00e9quipe solide et nous marchons tous dans la m\u00eame direction, vers un objectif unique, celui de cr\u00e9er des exp\u00e9riences inoubliables.<\/p><p>Tous nos d\u00e9partements sont compos\u00e9s de professionnels qualifi\u00e9s et enthousiastes qui prennent soin du moindre d\u00e9tail pour garantir le succ\u00e8s absolu de chacun de nos projets.<\/p><p>Nous sommes fiers de notre travail !<\/p>\t\t\t\t\t\t\t\t<\/div>\n\t\t\t\t<\/div>\n\t\t\t\t<\/div>\n\t\t\t\t\t<\/div>\n\t\t\t\t<\/div>\n\t\t<div class=\"elementor-element elementor-element-705caa0 e-flex e-con-boxed e-con e-parent\" data-id=\"705caa0\" data-element_type=\"container\" data-e-type=\"container\">\n\t\t\t\t\t<div class=\"e-con-inner\">\n\t\t\t\t<div class=\"elementor-element elementor-element-701af84 elementor-widget elementor-widget-image\" data-id=\"701af84\" data-element_type=\"widget\" data-e-type=\"widget\" data-widget_type=\"image.default\">\n\t\t\t\t<div class=\"elementor-widget-container\">\n\t\t\t\t\t\t\t\t\t\t\t\t\t\t\t<img fetchpriority=\"high\" decoding=\"async\" width=\"800\" height=\"534\" src=\"https:\/\/coctelebra.com\/wp-content\/uploads\/2025\/03\/mariamissaglia-8990-1024x683.webp\" class=\"attachment-large size-large wp-image-1109\" alt=\"\" srcset=\"https:\/\/coctelebra.com\/wp-content\/uploads\/2025\/03\/mariamissaglia-8990-1024x683.webp 1024w, https:\/\/coctelebra.com\/wp-content\/uploads\/2025\/03\/mariamissaglia-8990-300x200.webp 300w, https:\/\/coctelebra.com\/wp-content\/uploads\/2025\/03\/mariamissaglia-8990-768x512.webp 768w, https:\/\/coctelebra.com\/wp-content\/uploads\/2025\/03\/mariamissaglia-8990-1536x1024.webp 1536w, https:\/\/coctelebra.com\/wp-content\/uploads\/2025\/03\/mariamissaglia-8990.webp 1600w\" sizes=\"(max-width: 800px) 100vw, 800px\" \/>\t\t\t\t\t\t\t\t\t\t\t\t\t\t\t<\/div>\n\t\t\t\t<\/div>\n\t\t\t\t\t<\/div>\n\t\t\t\t<\/div>\n\t\t\t\t<\/div>\n\t\t","protected":false},"excerpt":{"rendered":"<p>Qui sommes-nous ? Nous sommes l\u2019\u00e9quipe quevous recherchiez \u00ab Peu importe la lenteur avec laquelle vous avanceztant que vous ne vous arr\u00eatez pas \u00bb \u2013Confucius \u2013 NOTRE HISTOIRE Notre aventure commence en 2016 en bas de l\u2019\u00e9chelle, avec la premi\u00e8re pens\u00e9e qui est\u00e0 l\u2019origine de ce projet. Notre aventure commence en 2016 en bas de [&hellip;]<\/p>\n","protected":false},"author":2,"featured_media":0,"parent":0,"menu_order":0,"comment_status":"closed","ping_status":"closed","template":"","meta":{"footnotes":""},"class_list":["post-1510","page","type-page","status-publish","hentry"],"yoast_head":"<!-- This site is optimized with the Yoast SEO plugin v27.2 - https:\/\/yoast.com\/product\/yoast-seo-wordpress\/ -->\n<title>Qui sommes-nous? - Coctelebra Catering Menorca<\/title>\n<meta name=\"robots\" content=\"index, follow, max-snippet:-1, max-image-preview:large, max-video-preview:-1\" \/>\n<link rel=\"canonical\" href=\"https:\/\/coctelebra.com\/fr\/qui-sommes-nous\/\" \/>\n<meta property=\"og:locale\" content=\"fr_FR\" \/>\n<meta property=\"og:type\" content=\"article\" \/>\n<meta property=\"og:title\" content=\"Qui sommes-nous? - Coctelebra Catering Menorca\" \/>\n<meta property=\"og:description\" content=\"Qui sommes-nous ? Nous sommes l\u2019\u00e9quipe quevous recherchiez \u00ab Peu importe la lenteur avec laquelle vous avanceztant que vous ne vous arr\u00eatez pas \u00bb \u2013Confucius \u2013 NOTRE HISTOIRE Notre aventure commence en 2016 en bas de l\u2019\u00e9chelle, avec la premi\u00e8re pens\u00e9e qui est\u00e0 l\u2019origine de ce projet. Notre aventure commence en 2016 en bas de [&hellip;]\" \/>\n<meta property=\"og:url\" content=\"https:\/\/coctelebra.com\/fr\/qui-sommes-nous\/\" \/>\n<meta property=\"og:site_name\" content=\"Coctelebra Catering Menorca\" \/>\n<meta property=\"article:modified_time\" content=\"2025-04-25T06:41:31+00:00\" \/>\n<meta property=\"og:image\" content=\"https:\/\/coctelebra.com\/wp-content\/uploads\/2025\/03\/mariamissaglia-8990.webp\" \/>\n\t<meta property=\"og:image:width\" content=\"1600\" \/>\n\t<meta property=\"og:image:height\" content=\"1067\" \/>\n\t<meta property=\"og:image:type\" content=\"image\/webp\" \/>\n<meta name=\"twitter:card\" content=\"summary_large_image\" \/>\n<meta name=\"twitter:label1\" content=\"Dur\u00e9e de lecture estim\u00e9e\" \/>\n\t<meta name=\"twitter:data1\" content=\"1 minute\" \/>\n<script type=\"application\/ld+json\" class=\"yoast-schema-graph\">{\"@context\":\"https:\/\/schema.org\",\"@graph\":[{\"@type\":\"WebPage\",\"@id\":\"https:\/\/coctelebra.com\/fr\/qui-sommes-nous\/\",\"url\":\"https:\/\/coctelebra.com\/fr\/qui-sommes-nous\/\",\"name\":\"Qui sommes-nous? - Coctelebra Catering Menorca\",\"isPartOf\":{\"@id\":\"https:\/\/coctelebra.com\/fr\/#website\"},\"primaryImageOfPage\":{\"@id\":\"https:\/\/coctelebra.com\/fr\/qui-sommes-nous\/#primaryimage\"},\"image\":{\"@id\":\"https:\/\/coctelebra.com\/fr\/qui-sommes-nous\/#primaryimage\"},\"thumbnailUrl\":\"https:\/\/coctelebra.com\/wp-content\/uploads\/2025\/03\/mariamissaglia-8990-1024x683.webp\",\"datePublished\":\"2025-03-20T11:55:58+00:00\",\"dateModified\":\"2025-04-25T06:41:31+00:00\",\"breadcrumb\":{\"@id\":\"https:\/\/coctelebra.com\/fr\/qui-sommes-nous\/#breadcrumb\"},\"inLanguage\":\"fr-FR\",\"potentialAction\":[{\"@type\":\"ReadAction\",\"target\":[\"https:\/\/coctelebra.com\/fr\/qui-sommes-nous\/\"]}]},{\"@type\":\"ImageObject\",\"inLanguage\":\"fr-FR\",\"@id\":\"https:\/\/coctelebra.com\/fr\/qui-sommes-nous\/#primaryimage\",\"url\":\"https:\/\/coctelebra.com\/wp-content\/uploads\/2025\/03\/mariamissaglia-8990-1024x683.webp\",\"contentUrl\":\"https:\/\/coctelebra.com\/wp-content\/uploads\/2025\/03\/mariamissaglia-8990-1024x683.webp\"},{\"@type\":\"BreadcrumbList\",\"@id\":\"https:\/\/coctelebra.com\/fr\/qui-sommes-nous\/#breadcrumb\",\"itemListElement\":[{\"@type\":\"ListItem\",\"position\":1,\"name\":\"Home\",\"item\":\"https:\/\/coctelebra.com\/fr\/\"},{\"@type\":\"ListItem\",\"position\":2,\"name\":\"Qui sommes-nous?\"}]},{\"@type\":\"WebSite\",\"@id\":\"https:\/\/coctelebra.com\/fr\/#website\",\"url\":\"https:\/\/coctelebra.com\/fr\/\",\"name\":\"Coctelebra Catering Menorca\",\"description\":\"Catering para Bodas y Eventos en Menorca\",\"publisher\":{\"@id\":\"https:\/\/coctelebra.com\/fr\/#organization\"},\"potentialAction\":[{\"@type\":\"SearchAction\",\"target\":{\"@type\":\"EntryPoint\",\"urlTemplate\":\"https:\/\/coctelebra.com\/fr\/?s={search_term_string}\"},\"query-input\":{\"@type\":\"PropertyValueSpecification\",\"valueRequired\":true,\"valueName\":\"search_term_string\"}}],\"inLanguage\":\"fr-FR\"},{\"@type\":\"Organization\",\"@id\":\"https:\/\/coctelebra.com\/fr\/#organization\",\"name\":\"Coctelebra Catering Menorca\",\"url\":\"https:\/\/coctelebra.com\/fr\/\",\"logo\":{\"@type\":\"ImageObject\",\"inLanguage\":\"fr-FR\",\"@id\":\"https:\/\/coctelebra.com\/fr\/#\/schema\/logo\/image\/\",\"url\":\"https:\/\/coctelebra.com\/wp-content\/uploads\/2025\/03\/logo-coctelebra.jpg\",\"contentUrl\":\"https:\/\/coctelebra.com\/wp-content\/uploads\/2025\/03\/logo-coctelebra.jpg\",\"width\":1001,\"height\":314,\"caption\":\"Coctelebra Catering Menorca\"},\"image\":{\"@id\":\"https:\/\/coctelebra.com\/fr\/#\/schema\/logo\/image\/\"}}]}<\/script>\n<!-- \/ Yoast SEO plugin. -->","yoast_head_json":{"title":"Qui sommes-nous? - Coctelebra Catering Menorca","robots":{"index":"index","follow":"follow","max-snippet":"max-snippet:-1","max-image-preview":"max-image-preview:large","max-video-preview":"max-video-preview:-1"},"canonical":"https:\/\/coctelebra.com\/fr\/qui-sommes-nous\/","og_locale":"fr_FR","og_type":"article","og_title":"Qui sommes-nous? - Coctelebra Catering Menorca","og_description":"Qui sommes-nous ? Nous sommes l\u2019\u00e9quipe quevous recherchiez \u00ab Peu importe la lenteur avec laquelle vous avanceztant que vous ne vous arr\u00eatez pas \u00bb \u2013Confucius \u2013 NOTRE HISTOIRE Notre aventure commence en 2016 en bas de l\u2019\u00e9chelle, avec la premi\u00e8re pens\u00e9e qui est\u00e0 l\u2019origine de ce projet. Notre aventure commence en 2016 en bas de [&hellip;]","og_url":"https:\/\/coctelebra.com\/fr\/qui-sommes-nous\/","og_site_name":"Coctelebra Catering Menorca","article_modified_time":"2025-04-25T06:41:31+00:00","og_image":[{"width":1600,"height":1067,"url":"https:\/\/coctelebra.com\/wp-content\/uploads\/2025\/03\/mariamissaglia-8990.webp","type":"image\/webp"}],"twitter_card":"summary_large_image","twitter_misc":{"Dur\u00e9e de lecture estim\u00e9e":"1 minute"},"schema":{"@context":"https:\/\/schema.org","@graph":[{"@type":"WebPage","@id":"https:\/\/coctelebra.com\/fr\/qui-sommes-nous\/","url":"https:\/\/coctelebra.com\/fr\/qui-sommes-nous\/","name":"Qui sommes-nous? - Coctelebra Catering Menorca","isPartOf":{"@id":"https:\/\/coctelebra.com\/fr\/#website"},"primaryImageOfPage":{"@id":"https:\/\/coctelebra.com\/fr\/qui-sommes-nous\/#primaryimage"},"image":{"@id":"https:\/\/coctelebra.com\/fr\/qui-sommes-nous\/#primaryimage"},"thumbnailUrl":"https:\/\/coctelebra.com\/wp-content\/uploads\/2025\/03\/mariamissaglia-8990-1024x683.webp","datePublished":"2025-03-20T11:55:58+00:00","dateModified":"2025-04-25T06:41:31+00:00","breadcrumb":{"@id":"https:\/\/coctelebra.com\/fr\/qui-sommes-nous\/#breadcrumb"},"inLanguage":"fr-FR","potentialAction":[{"@type":"ReadAction","target":["https:\/\/coctelebra.com\/fr\/qui-sommes-nous\/"]}]},{"@type":"ImageObject","inLanguage":"fr-FR","@id":"https:\/\/coctelebra.com\/fr\/qui-sommes-nous\/#primaryimage","url":"https:\/\/coctelebra.com\/wp-content\/uploads\/2025\/03\/mariamissaglia-8990-1024x683.webp","contentUrl":"https:\/\/coctelebra.com\/wp-content\/uploads\/2025\/03\/mariamissaglia-8990-1024x683.webp"},{"@type":"BreadcrumbList","@id":"https:\/\/coctelebra.com\/fr\/qui-sommes-nous\/#breadcrumb","itemListElement":[{"@type":"ListItem","position":1,"name":"Home","item":"https:\/\/coctelebra.com\/fr\/"},{"@type":"ListItem","position":2,"name":"Qui sommes-nous?"}]},{"@type":"WebSite","@id":"https:\/\/coctelebra.com\/fr\/#website","url":"https:\/\/coctelebra.com\/fr\/","name":"Coctelebra Catering Menorca","description":"Catering para Bodas y Eventos en Menorca","publisher":{"@id":"https:\/\/coctelebra.com\/fr\/#organization"},"potentialAction":[{"@type":"SearchAction","target":{"@type":"EntryPoint","urlTemplate":"https:\/\/coctelebra.com\/fr\/?s={search_term_string}"},"query-input":{"@type":"PropertyValueSpecification","valueRequired":true,"valueName":"search_term_string"}}],"inLanguage":"fr-FR"},{"@type":"Organization","@id":"https:\/\/coctelebra.com\/fr\/#organization","name":"Coctelebra Catering Menorca","url":"https:\/\/coctelebra.com\/fr\/","logo":{"@type":"ImageObject","inLanguage":"fr-FR","@id":"https:\/\/coctelebra.com\/fr\/#\/schema\/logo\/image\/","url":"https:\/\/coctelebra.com\/wp-content\/uploads\/2025\/03\/logo-coctelebra.jpg","contentUrl":"https:\/\/coctelebra.com\/wp-content\/uploads\/2025\/03\/logo-coctelebra.jpg","width":1001,"height":314,"caption":"Coctelebra Catering Menorca"},"image":{"@id":"https:\/\/coctelebra.com\/fr\/#\/schema\/logo\/image\/"}}]}},"_links":{"self":[{"href":"https:\/\/coctelebra.com\/fr\/wp-json\/wp\/v2\/pages\/1510","targetHints":{"allow":["GET"]}}],"collection":[{"href":"https:\/\/coctelebra.com\/fr\/wp-json\/wp\/v2\/pages"}],"about":[{"href":"https:\/\/coctelebra.com\/fr\/wp-json\/wp\/v2\/types\/page"}],"author":[{"embeddable":true,"href":"https:\/\/coctelebra.com\/fr\/wp-json\/wp\/v2\/users\/2"}],"replies":[{"embeddable":true,"href":"https:\/\/coctelebra.com\/fr\/wp-json\/wp\/v2\/comments?post=1510"}],"version-history":[{"count":3,"href":"https:\/\/coctelebra.com\/fr\/wp-json\/wp\/v2\/pages\/1510\/revisions"}],"predecessor-version":[{"id":1735,"href":"https:\/\/coctelebra.com\/fr\/wp-json\/wp\/v2\/pages\/1510\/revisions\/1735"}],"wp:attachment":[{"href":"https:\/\/coctelebra.com\/fr\/wp-json\/wp\/v2\/media?parent=1510"}],"curies":[{"name":"wp","href":"https:\/\/api.w.org\/{rel}","templated":true}]}}